{"id":7927,"date":"2022-11-08T12:58:31","date_gmt":"2022-11-08T11:58:31","guid":{"rendered":"https:\/\/deenswonen.nl\/?post_type=product&#038;p=7927"},"modified":"2023-04-16T00:57:51","modified_gmt":"2023-04-15T22:57:51","slug":"nuutajarvi-iittala-vase-sonetti-par-kerttu-nurminen","status":"publish","type":"product","link":"https:\/\/deenswonen.nl\/fr\/produit\/nuutajarvi-iittala-vase-sonetti-par-kerttu-nurminen\/","title":{"rendered":"Vase Nuutajarvi Iittala Sonetti par Kerttu Nurminen"},"content":{"rendered":"<h1 class=\"c-page__heading u-typography-h2-serif be-lot-details-gallery-preview__title\">Vase Nuutajarvi Iittala Sonetti par Kerttu Nurminen<\/h1>\n<p>Ce vase Nuutajarvi (Iittala) Sonetti de Kerttu Nurminen est un v\u00e9ritable accroche-regard. La forme organique mince donne au vase une apparence sereine. Le vase mesure 24 cm de haut et convient donc parfaitement \u00e0 un bouquet de taille moyenne.<\/p>\n<p>L&rsquo;\u00e9l\u00e9gant vase Nuutajarvi Sonetti ajoute un \u00e9l\u00e9ment saisissant \u00e0 n&rsquo;importe quel int\u00e9rieur. Cr\u00e9e une ambiance douce. Un cadeau parfait pour les mariages, les anniversaires ou les anniversaires.<\/p>\n<h2 class=\"tw-data-text tw-text-large XcVN5d tw-ta\" dir=\"ltr\" data-placeholder=\"Vertaling\"><span lang=\"nl\">Sp\u00e9cifications<\/span> Nuutajarvi Iittala vase Sonetti<\/h2>\n<p class=\"tw-data-text tw-text-large XcVN5d tw-ta\" dir=\"ltr\" data-placeholder=\"Vertaling\"><span lang=\"nl\">Ce beau vase a environ 50 ans et est en bon \u00e9tat avec des signes minimes d&rsquo;utilisation ant\u00e9rieure. Le vase n&rsquo;a aucun dommage ni \u00e9clat. Le vase<\/span> <span lang=\"nl\">mesure<\/span> <span lang=\"nl\">24 cm de haut et 12,5 cm de large.<\/span><\/p>\n<h2>\u00c0 propos de Nuutajarvi et Iittala<\/h2>\n<p id=\"tw-target-text\" class=\"tw-data-text tw-text-large tw-ta\" dir=\"ltr\" data-placeholder=\"Vertaling\"><span class=\"Y2IQFc\" lang=\"nl\">La verrerie Nuutajarvi a \u00e9t\u00e9 fond\u00e9e en 1793 par Jacob Wilhelm de Pont et Harald Furnhjelm. L&#8217;emplacement a \u00e9t\u00e9 choisi en raison de la zone bois\u00e9e. Le bois \u00e9tait important pour la cuisson de la verrerie. <\/span><span class=\"Y2IQFc\" lang=\"nl\">Nuutajarvi a fusionn\u00e9 avec iittala en 1988, et c&rsquo;est l\u00e0 que les oiseaux de verre d&rsquo;Oiva Toikka ont \u00e9t\u00e9 fabriqu\u00e9s pendant quarante ans. <\/span><\/p>\n<p>Depuis 1881, Iittala s&rsquo;efforce de fournir l&rsquo;inspiration pour une vie plus belle et plus agr\u00e9able. L&rsquo;entreprise a commenc\u00e9 comme une usine de verre dans le village finlandais d&rsquo;Iittala. Depuis, elle est devenue une marque de renomm\u00e9e internationale qui a jou\u00e9 un r\u00f4le d\u00e9cisif dans la d\u00e9finition d&rsquo;un style de vie scandinave.<\/p>\n<p>Dans les premi\u00e8res ann\u00e9es, ils produisaient de la verrerie par soufflage et pressage. Cela a \u00e9t\u00e9 fait \u00e0 l&rsquo;aide de mod\u00e8les continentaux apport\u00e9s \u00e0 l&rsquo;usine par des souffleurs de verre. Au d\u00e9but du XXe si\u00e8cle, Iittala a \u00e9t\u00e9 l&rsquo;une des premi\u00e8res entreprises \u00e0 passer de la vaisselle d\u00e9corative \u00e0 une vaisselle alliant fonction et forme \u00e0 un design scandinave progressif.<\/p>\n<p>Cependant, la perc\u00e9e d&rsquo;Iittala est survenue \u00e0 l&rsquo;aube du modernisme et du fonctionnalisme dans les ann\u00e9es 1930 et 1940. Cela est en partie d\u00fb aux collaborations d\u00e9sormais l\u00e9gendaires avec des pionniers du design tels que Alvar et Aino Aalto, Kaj Franck et Tapio Wirkkala. Ces designers ont contribu\u00e9 \u00e0 fa\u00e7onner la philosophie de conception d&rsquo;Iittala.<\/p>\n<blockquote><p><em>Fabriquer des objets qui, en raison de leur design progressif, fonctionnel et en m\u00eame temps beau, deviennent intemporels et ne seront jamais jet\u00e9s.<\/em><\/p><\/blockquote>\n<p>Leur pr\u00e9misse est qu&rsquo;un bon design doit non seulement \u00eatre bien pens\u00e9 et fonctionnel, mais \u00e9galement accessible \u00e0 tous.<\/p>\n<p>Ce vase a environ 50 ans, c&rsquo;est pourquoi nous vous demandons de bien regarder les photos. Cela vous donnera une bonne impression de l&rsquo;\u00e9tat du vase. Nous avons \u00e9galement d&rsquo;autres vases <strong><a href=\"https:\/\/deenswonen.nl\/product-categorie\/producten\/vazen\/\">disponibles<\/a><\/strong>.<\/p>\n<p>Nous exp\u00e9dions tous nos produits soigneusement emball\u00e9s. Nos produits peuvent \u00e9galement \u00eatre retir\u00e9s sur rendez-vous \u00e0 Berkel en Rodenrijs.<\/p>\n","protected":false},"excerpt":{"rendered":"<p>Ce vase Nuutajarvi (Iittala) Sonetti de Kerttu Nurminen est un v\u00e9ritable accroche-regard. La forme organique mince donne au vase une apparence sereine.<\/p>\n<p>&nbsp;<\/p>\n<ul>\n<li><strong>Conception scandinave<\/strong><\/li>\n<li><strong>Livraison internationale<\/strong><\/li>\n<li><strong>D\u00e9lai de r\u00e9flexion de 14 jours<\/strong><\/li>\n<\/ul>\n","protected":false},"featured_media":7942,"template":"","meta":[],"product_brand":[],"product_cat":[211,219,221,216],"product_tag":[212],"class_list":{"0":"post-7927","1":"product","2":"type-product","3":"status-publish","4":"has-post-thumbnail","6":"product_cat-iittala-fr","7":"product_cat-populaire-fr","8":"product_cat-vases-fr","9":"product_cat-vient-darriver-fr","10":"product_tag-blanche","11":"thunk-woo-product-list","12":"opn-qv-enable","13":"top-store-woo-hover-swap","14":"top-store-single-product-tab-horizontal","15":"top-store-shadow-","16":"top-store-shadow-hover-","17":"top-store-swap-item-hover","19":"first","20":"instock","21":"taxable","22":"shipping-taxable","23":"purchasable","24":"product-type-simple"},"yoast_head":"<!-- This site is optimized with the Yoast SEO plugin v27.3 - https:\/\/yoast.com\/product\/yoast-seo-wordpress\/ -->\n<title>Vase Nuutajarvi Iittala Sonetti par Kerttu Nurminen - Vie danoise<\/title>\n<meta name=\"description\" content=\"L&#039;\u00e9l\u00e9gant vase Nuutajarvi Iittala Sonetti ajoute un \u00e9l\u00e9ment saisissant \u00e0 n&#039;importe quel int\u00e9rieur. Voir notre collection vintage Iittala\" \/>\n<meta name=\"robots\" content=\"index, follow, max-snippet:-1, max-image-preview:large, max-video-preview:-1\" \/>\n<link rel=\"canonical\" href=\"https:\/\/deenswonen.nl\/fr\/produit\/nuutajarvi-iittala-vase-sonetti-par-kerttu-nurminen\/\" \/>\n<meta property=\"og:locale\" content=\"fr_FR\" \/>\n<meta property=\"og:type\" content=\"article\" \/>\n<meta property=\"og:title\" content=\"Vase Nuutajarvi Iittala Sonetti par Kerttu Nurminen - Vie danoise\" \/>\n<meta property=\"og:description\" content=\"L&#039;\u00e9l\u00e9gant vase Nuutajarvi Iittala Sonetti ajoute un \u00e9l\u00e9ment saisissant \u00e0 n&#039;importe quel int\u00e9rieur. Voir notre collection vintage Iittala\" \/>\n<meta property=\"og:url\" content=\"https:\/\/deenswonen.nl\/fr\/produit\/nuutajarvi-iittala-vase-sonetti-par-kerttu-nurminen\/\" \/>\n<meta property=\"og:site_name\" content=\"Vie danoise\" \/>\n<meta property=\"article:modified_time\" content=\"2023-04-15T22:57:51+00:00\" \/>\n<meta property=\"og:image\" content=\"https:\/\/deenswonen.nl\/wp-content\/uploads\/2022\/11\/D46483F4-623F-4367-9268-A1E13B81F5C5.jpeg\" \/>\n\t<meta property=\"og:image:width\" content=\"480\" \/>\n\t<meta property=\"og:image:height\" content=\"640\" \/>\n\t<meta property=\"og:image:type\" content=\"image\/jpeg\" \/>\n<meta name=\"twitter:card\" content=\"summary_large_image\" \/>\n<meta name=\"twitter:label1\" content=\"Dur\u00e9e de lecture estim\u00e9e\" \/>\n\t<meta name=\"twitter:data1\" content=\"2 minutes\" \/>\n<script type=\"application\/ld+json\" class=\"yoast-schema-graph\">{\"@context\":\"https:\\\/\\\/schema.org\",\"@graph\":[{\"@type\":\"WebPage\",\"@id\":\"https:\\\/\\\/deenswonen.nl\\\/fr\\\/produit\\\/nuutajarvi-iittala-vase-sonetti-par-kerttu-nurminen\\\/\",\"url\":\"https:\\\/\\\/deenswonen.nl\\\/fr\\\/produit\\\/nuutajarvi-iittala-vase-sonetti-par-kerttu-nurminen\\\/\",\"name\":\"Vase Nuutajarvi Iittala Sonetti par Kerttu Nurminen - Vie danoise\",\"isPartOf\":{\"@id\":\"https:\\\/\\\/deenswonen.nl\\\/fr\\\/#website\"},\"primaryImageOfPage\":{\"@id\":\"https:\\\/\\\/deenswonen.nl\\\/fr\\\/produit\\\/nuutajarvi-iittala-vase-sonetti-par-kerttu-nurminen\\\/#primaryimage\"},\"image\":{\"@id\":\"https:\\\/\\\/deenswonen.nl\\\/fr\\\/produit\\\/nuutajarvi-iittala-vase-sonetti-par-kerttu-nurminen\\\/#primaryimage\"},\"thumbnailUrl\":\"https:\\\/\\\/i0.wp.com\\\/deenswonen.nl\\\/wp-content\\\/uploads\\\/2022\\\/11\\\/D46483F4-623F-4367-9268-A1E13B81F5C5.jpeg?fit=480%2C640&ssl=1\",\"datePublished\":\"2022-11-08T11:58:31+00:00\",\"dateModified\":\"2023-04-15T22:57:51+00:00\",\"description\":\"L'\u00e9l\u00e9gant vase Nuutajarvi Iittala Sonetti ajoute un \u00e9l\u00e9ment saisissant \u00e0 n'importe quel int\u00e9rieur. Voir notre collection vintage Iittala\",\"breadcrumb\":{\"@id\":\"https:\\\/\\\/deenswonen.nl\\\/fr\\\/produit\\\/nuutajarvi-iittala-vase-sonetti-par-kerttu-nurminen\\\/#breadcrumb\"},\"inLanguage\":\"fr-FR\",\"potentialAction\":[{\"@type\":\"ReadAction\",\"target\":[\"https:\\\/\\\/deenswonen.nl\\\/fr\\\/produit\\\/nuutajarvi-iittala-vase-sonetti-par-kerttu-nurminen\\\/\"]}]},{\"@type\":\"ImageObject\",\"inLanguage\":\"fr-FR\",\"@id\":\"https:\\\/\\\/deenswonen.nl\\\/fr\\\/produit\\\/nuutajarvi-iittala-vase-sonetti-par-kerttu-nurminen\\\/#primaryimage\",\"url\":\"https:\\\/\\\/i0.wp.com\\\/deenswonen.nl\\\/wp-content\\\/uploads\\\/2022\\\/11\\\/D46483F4-623F-4367-9268-A1E13B81F5C5.jpeg?fit=480%2C640&ssl=1\",\"contentUrl\":\"https:\\\/\\\/i0.wp.com\\\/deenswonen.nl\\\/wp-content\\\/uploads\\\/2022\\\/11\\\/D46483F4-623F-4367-9268-A1E13B81F5C5.jpeg?fit=480%2C640&ssl=1\",\"width\":480,\"height\":640,\"caption\":\"Image du vase Nuutajarvi Iittala Sonetti con\u00e7u par Kerttu Nurminen propos\u00e9 dans cette publicit\u00e9.\"},{\"@type\":\"BreadcrumbList\",\"@id\":\"https:\\\/\\\/deenswonen.nl\\\/fr\\\/produit\\\/nuutajarvi-iittala-vase-sonetti-par-kerttu-nurminen\\\/#breadcrumb\",\"itemListElement\":[{\"@type\":\"ListItem\",\"position\":1,\"name\":\"Home\",\"item\":\"https:\\\/\\\/deenswonen.nl\\\/fr\\\/\"},{\"@type\":\"ListItem\",\"position\":2,\"name\":\"Winkel\",\"item\":\"https:\\\/\\\/deenswonen.nl\\\/winkel\\\/\"},{\"@type\":\"ListItem\",\"position\":3,\"name\":\"Vase Nuutajarvi Iittala Sonetti par Kerttu Nurminen\"}]},{\"@type\":\"WebSite\",\"@id\":\"https:\\\/\\\/deenswonen.nl\\\/fr\\\/#website\",\"url\":\"https:\\\/\\\/deenswonen.nl\\\/fr\\\/\",\"name\":\"Deens wonen\",\"description\":\"Accessoires de maison vintage scandinaves\",\"publisher\":{\"@id\":\"https:\\\/\\\/deenswonen.nl\\\/fr\\\/#organization\"},\"potentialAction\":[{\"@type\":\"SearchAction\",\"target\":{\"@type\":\"EntryPoint\",\"urlTemplate\":\"https:\\\/\\\/deenswonen.nl\\\/fr\\\/?s={search_term_string}\"},\"query-input\":{\"@type\":\"PropertyValueSpecification\",\"valueRequired\":true,\"valueName\":\"search_term_string\"}}],\"inLanguage\":\"fr-FR\"},{\"@type\":\"Organization\",\"@id\":\"https:\\\/\\\/deenswonen.nl\\\/fr\\\/#organization\",\"name\":\"Vie danoise\",\"url\":\"https:\\\/\\\/deenswonen.nl\\\/fr\\\/\",\"logo\":{\"@type\":\"ImageObject\",\"inLanguage\":\"fr-FR\",\"@id\":\"https:\\\/\\\/deenswonen.nl\\\/fr\\\/#\\\/schema\\\/logo\\\/image\\\/\",\"url\":\"https:\\\/\\\/i0.wp.com\\\/deenswonen.nl\\\/wp-content\\\/uploads\\\/2021\\\/11\\\/51ECE736-8380-4D65-ACA6-DE74174F3C35_1_201_a.jpeg?fit=1200%2C675&ssl=1\",\"contentUrl\":\"https:\\\/\\\/i0.wp.com\\\/deenswonen.nl\\\/wp-content\\\/uploads\\\/2021\\\/11\\\/51ECE736-8380-4D65-ACA6-DE74174F3C35_1_201_a.jpeg?fit=1200%2C675&ssl=1\",\"width\":1200,\"height\":675,\"caption\":\"Vie danoise\"},\"image\":{\"@id\":\"https:\\\/\\\/deenswonen.nl\\\/fr\\\/#\\\/schema\\\/logo\\\/image\\\/\"}}]}<\/script>\n<!-- \/ Yoast SEO plugin. -->","yoast_head_json":{"title":"Vase Nuutajarvi Iittala Sonetti par Kerttu Nurminen - Vie danoise","description":"L'\u00e9l\u00e9gant vase Nuutajarvi Iittala Sonetti ajoute un \u00e9l\u00e9ment saisissant \u00e0 n'importe quel int\u00e9rieur. Voir notre collection vintage Iittala","robots":{"index":"index","follow":"follow","max-snippet":"max-snippet:-1","max-image-preview":"max-image-preview:large","max-video-preview":"max-video-preview:-1"},"canonical":"https:\/\/deenswonen.nl\/fr\/produit\/nuutajarvi-iittala-vase-sonetti-par-kerttu-nurminen\/","og_locale":"fr_FR","og_type":"article","og_title":"Vase Nuutajarvi Iittala Sonetti par Kerttu Nurminen - Vie danoise","og_description":"L'\u00e9l\u00e9gant vase Nuutajarvi Iittala Sonetti ajoute un \u00e9l\u00e9ment saisissant \u00e0 n'importe quel int\u00e9rieur. Voir notre collection vintage Iittala","og_url":"https:\/\/deenswonen.nl\/fr\/produit\/nuutajarvi-iittala-vase-sonetti-par-kerttu-nurminen\/","og_site_name":"Vie danoise","article_modified_time":"2023-04-15T22:57:51+00:00","og_image":[{"width":480,"height":640,"url":"https:\/\/deenswonen.nl\/wp-content\/uploads\/2022\/11\/D46483F4-623F-4367-9268-A1E13B81F5C5.jpeg","type":"image\/jpeg"}],"twitter_card":"summary_large_image","twitter_misc":{"Dur\u00e9e de lecture estim\u00e9e":"2 minutes"},"schema":{"@context":"https:\/\/schema.org","@graph":[{"@type":"WebPage","@id":"https:\/\/deenswonen.nl\/fr\/produit\/nuutajarvi-iittala-vase-sonetti-par-kerttu-nurminen\/","url":"https:\/\/deenswonen.nl\/fr\/produit\/nuutajarvi-iittala-vase-sonetti-par-kerttu-nurminen\/","name":"Vase Nuutajarvi Iittala Sonetti par Kerttu Nurminen - Vie danoise","isPartOf":{"@id":"https:\/\/deenswonen.nl\/fr\/#website"},"primaryImageOfPage":{"@id":"https:\/\/deenswonen.nl\/fr\/produit\/nuutajarvi-iittala-vase-sonetti-par-kerttu-nurminen\/#primaryimage"},"image":{"@id":"https:\/\/deenswonen.nl\/fr\/produit\/nuutajarvi-iittala-vase-sonetti-par-kerttu-nurminen\/#primaryimage"},"thumbnailUrl":"https:\/\/i0.wp.com\/deenswonen.nl\/wp-content\/uploads\/2022\/11\/D46483F4-623F-4367-9268-A1E13B81F5C5.jpeg?fit=480%2C640&ssl=1","datePublished":"2022-11-08T11:58:31+00:00","dateModified":"2023-04-15T22:57:51+00:00","description":"L'\u00e9l\u00e9gant vase Nuutajarvi Iittala Sonetti ajoute un \u00e9l\u00e9ment saisissant \u00e0 n'importe quel int\u00e9rieur. Voir notre collection vintage Iittala","breadcrumb":{"@id":"https:\/\/deenswonen.nl\/fr\/produit\/nuutajarvi-iittala-vase-sonetti-par-kerttu-nurminen\/#breadcrumb"},"inLanguage":"fr-FR","potentialAction":[{"@type":"ReadAction","target":["https:\/\/deenswonen.nl\/fr\/produit\/nuutajarvi-iittala-vase-sonetti-par-kerttu-nurminen\/"]}]},{"@type":"ImageObject","inLanguage":"fr-FR","@id":"https:\/\/deenswonen.nl\/fr\/produit\/nuutajarvi-iittala-vase-sonetti-par-kerttu-nurminen\/#primaryimage","url":"https:\/\/i0.wp.com\/deenswonen.nl\/wp-content\/uploads\/2022\/11\/D46483F4-623F-4367-9268-A1E13B81F5C5.jpeg?fit=480%2C640&ssl=1","contentUrl":"https:\/\/i0.wp.com\/deenswonen.nl\/wp-content\/uploads\/2022\/11\/D46483F4-623F-4367-9268-A1E13B81F5C5.jpeg?fit=480%2C640&ssl=1","width":480,"height":640,"caption":"Image du vase Nuutajarvi Iittala Sonetti con\u00e7u par Kerttu Nurminen propos\u00e9 dans cette publicit\u00e9."},{"@type":"BreadcrumbList","@id":"https:\/\/deenswonen.nl\/fr\/produit\/nuutajarvi-iittala-vase-sonetti-par-kerttu-nurminen\/#breadcrumb","itemListElement":[{"@type":"ListItem","position":1,"name":"Home","item":"https:\/\/deenswonen.nl\/fr\/"},{"@type":"ListItem","position":2,"name":"Winkel","item":"https:\/\/deenswonen.nl\/winkel\/"},{"@type":"ListItem","position":3,"name":"Vase Nuutajarvi Iittala Sonetti par Kerttu Nurminen"}]},{"@type":"WebSite","@id":"https:\/\/deenswonen.nl\/fr\/#website","url":"https:\/\/deenswonen.nl\/fr\/","name":"Deens wonen","description":"Accessoires de maison vintage scandinaves","publisher":{"@id":"https:\/\/deenswonen.nl\/fr\/#organization"},"potentialAction":[{"@type":"SearchAction","target":{"@type":"EntryPoint","urlTemplate":"https:\/\/deenswonen.nl\/fr\/?s={search_term_string}"},"query-input":{"@type":"PropertyValueSpecification","valueRequired":true,"valueName":"search_term_string"}}],"inLanguage":"fr-FR"},{"@type":"Organization","@id":"https:\/\/deenswonen.nl\/fr\/#organization","name":"Vie danoise","url":"https:\/\/deenswonen.nl\/fr\/","logo":{"@type":"ImageObject","inLanguage":"fr-FR","@id":"https:\/\/deenswonen.nl\/fr\/#\/schema\/logo\/image\/","url":"https:\/\/i0.wp.com\/deenswonen.nl\/wp-content\/uploads\/2021\/11\/51ECE736-8380-4D65-ACA6-DE74174F3C35_1_201_a.jpeg?fit=1200%2C675&ssl=1","contentUrl":"https:\/\/i0.wp.com\/deenswonen.nl\/wp-content\/uploads\/2021\/11\/51ECE736-8380-4D65-ACA6-DE74174F3C35_1_201_a.jpeg?fit=1200%2C675&ssl=1","width":1200,"height":675,"caption":"Vie danoise"},"image":{"@id":"https:\/\/deenswonen.nl\/fr\/#\/schema\/logo\/image\/"}}]}},"jetpack_sharing_enabled":true,"_links":{"self":[{"href":"https:\/\/deenswonen.nl\/fr\/wp-json\/wp\/v2\/product\/7927","targetHints":{"allow":["GET"]}}],"collection":[{"href":"https:\/\/deenswonen.nl\/fr\/wp-json\/wp\/v2\/product"}],"about":[{"href":"https:\/\/deenswonen.nl\/fr\/wp-json\/wp\/v2\/types\/product"}],"wp:featuredmedia":[{"embeddable":true,"href":"https:\/\/deenswonen.nl\/fr\/wp-json\/wp\/v2\/media\/7942"}],"wp:attachment":[{"href":"https:\/\/deenswonen.nl\/fr\/wp-json\/wp\/v2\/media?parent=7927"}],"wp:term":[{"taxonomy":"product_brand","embeddable":true,"href":"https:\/\/deenswonen.nl\/fr\/wp-json\/wp\/v2\/product_brand?post=7927"},{"taxonomy":"product_cat","embeddable":true,"href":"https:\/\/deenswonen.nl\/fr\/wp-json\/wp\/v2\/product_cat?post=7927"},{"taxonomy":"product_tag","embeddable":true,"href":"https:\/\/deenswonen.nl\/fr\/wp-json\/wp\/v2\/product_tag?post=7927"}],"curies":[{"name":"wp","href":"https:\/\/api.w.org\/{rel}","templated":true}]}}