{"id":6365,"date":"2022-03-18T11:00:24","date_gmt":"2022-03-18T10:00:24","guid":{"rendered":"https:\/\/deenswonen.nl\/product\/bougeoir-iittala-kastehelmi-amethyste-neuf-en-boite\/"},"modified":"2023-12-12T07:44:11","modified_gmt":"2023-12-12T06:44:11","slug":"iittala-kastehelmi-chandelier-amethyste-neuf-dans-la-boite","status":"publish","type":"product","link":"https:\/\/deenswonen.nl\/fr\/produit\/iittala-kastehelmi-chandelier-amethyste-neuf-dans-la-boite\/","title":{"rendered":"Bougeoir Iittala Kastehelmi Am\u00e9thyste neuf en boite"},"content":{"rendered":"<h1>Bougeoir Iittala Kastehelmi Am\u00e9thyste neuf en boite<\/h1>\n<p>L&rsquo;Iittala Kastehelmi Amethyst de l&rsquo;artiste Oiva Toikka est une couleur rare \u00e9mise en l&rsquo;honneur du 140e anniversaire d&rsquo;Iittala. L&rsquo;objet en verre avec ses gouttes s&rsquo;inspire de la ros\u00e9e. Il ajoute un \u00e9l\u00e9ment unique et \u00e9l\u00e9gant \u00e0 n&rsquo;importe quel int\u00e9rieur. La couleur Am\u00e9thyste n&rsquo;\u00e9tait dans la gamme d&rsquo;Iittala que pendant une courte p\u00e9riode.<\/p>\n<p>L&rsquo;Iittala Kastehelmi Amethyst ajoute un \u00e9l\u00e9ment saisissant \u00e0 n&rsquo;importe quel int\u00e9rieur. Cr\u00e9e une ambiance douce. C&rsquo;est par exemple un cadeau parfait pour les mariages, les anniversaires ou les anniversaires. Le chandelier ne convient qu&rsquo;aux bougies coniques.<\/p>\n<h2>Bougeoir Design <span lang=\"nl\">Iittala Kastehelmi<\/span> <\/h2>\n<p>Oiva Toikka s&rsquo;est inspir\u00e9e des gouttes de ros\u00e9e de la nature lors de la conception de la ligne Kastehelmi pour le finlandais Iittala. Un exemple de ceci est la belle r\u00e9flexion de la lumi\u00e8re des bougies \u00e0 travers les gouttes de ce chandelier. Le support convient aux bougies chauffe-plat.<\/p>\n<h2>Cr\u00e9ateur Oiva Toikka<\/h2>\n<p>Designs Oiva Toikka a apport\u00e9 une contribution importante \u00e0 l&rsquo;art du verre finlandais. Avec ses cr\u00e9ations imaginatives, il a apport\u00e9 un tout nouveau style \u00e0 l&rsquo;art du verre. Aujourd&rsquo;hui, il est consid\u00e9r\u00e9 comme l&rsquo;un des plus grands noms de l&rsquo;art verrier finlandais. En plus de ce chandelier, Toikka a \u00e9galement con\u00e7u de nombreux oiseaux pour Iittala.<\/p>\n<h2 id=\"tw-target-text\" class=\"tw-data-text tw-text-large XcVN5d tw-ta\" dir=\"ltr\" data-placeholder=\"Vertaling\"><span lang=\"nl\">Sp\u00e9cifications Bougeoir Iittala Kastehelmi Am\u00e9thyste<\/span><\/h2>\n<p class=\"tw-data-text tw-text-large XcVN5d tw-ta\" dir=\"ltr\" data-placeholder=\"Vertaling\"><span lang=\"nl\">Ce magnifique bougeoir est neuf en boite. Le chandelier pr\u00e9sente une petite erreur de fabrication sur le bord. S&rsquo;il vous pla\u00eet voir les photos pour cela. La taille<\/span> <span lang=\"nl\"> <\/span>est de 64 mm.<span lang=\"nl\"><\/span> <\/p>\n<p>Le chandelier est sign\u00e9 sur le fond avec le nom du fabricant.<\/p>\n<p>Ce bougeoir est neuf dans son emballage. Nous vous demandons de bien regarder les photos accompagnant les annonces. Cela vous donne une bonne impression de l&rsquo;\u00e9tat de nos produits. Nous pouvons \u00e9galement proposer plusieurs produits de la marque finlandaise Iittala <strong><a href=\"https:\/\/deenswonen.nl\/product-categorie\/merken\/iittala\/\">.<\/a><\/strong><\/p>\n<p>Nous exp\u00e9dions tous nos produits soigneusement emball\u00e9s. Nos produits peuvent \u00e9galement \u00eatre retir\u00e9s sur rendez-vous \u00e0 Berkel en Rodenrijs. Avez-vous des questions? Contactez nous s&rsquo;il vous plait.<\/p>\n","protected":false},"excerpt":{"rendered":"<p>L&rsquo;Iittala Kastehelmi Amethyst de l&rsquo;artiste Oiva Toikka est une couleur rare \u00e9mise en l&rsquo;honneur du 140e anniversaire d&rsquo;Iittala.<\/p>\n<p>&nbsp;<\/p>\n<ul>\n<li><strong>Conception scandinave<\/strong><\/li>\n<li><strong>Livraison internationale<\/strong><\/li>\n<li><strong>D\u00e9lai de r\u00e9flexion de 14 jours<\/strong><\/li>\n<\/ul>\n","protected":false},"featured_media":15637,"template":"","meta":[],"product_brand":[],"product_cat":[217,211,219,216],"product_tag":[241],"class_list":{"0":"post-6365","1":"product","2":"type-product","3":"status-publish","4":"has-post-thumbnail","6":"product_cat-chandeliers","7":"product_cat-iittala-fr","8":"product_cat-populaire-fr","9":"product_cat-vient-darriver-fr","10":"product_tag-violet","11":"thunk-woo-product-list","12":"opn-qv-enable","13":"top-store-woo-hover-swap","14":"top-store-single-product-tab-horizontal","15":"top-store-shadow-","16":"top-store-shadow-hover-","17":"top-store-swap-item-hover","19":"first","20":"outofstock","21":"taxable","22":"shipping-taxable","23":"purchasable","24":"product-type-simple"},"yoast_head":"<!-- This site is optimized with the Yoast SEO plugin v27.3 - https:\/\/yoast.com\/product\/yoast-seo-wordpress\/ -->\n<title>Bougeoir Iittala Kastehelmi Am\u00e9thyste neuf en boite - Vie danoise<\/title>\n<meta name=\"description\" content=\"L&#039;Iittala Kastehelmi Amethyst de l&#039;artiste Oiva Toikka est une couleur rare \u00e9mise en l&#039;honneur du 140e anniversaire d&#039;Iittala.\" \/>\n<meta name=\"robots\" content=\"index, follow, max-snippet:-1, max-image-preview:large, max-video-preview:-1\" \/>\n<link rel=\"canonical\" href=\"https:\/\/deenswonen.nl\/fr\/produit\/iittala-kastehelmi-chandelier-amethyste-neuf-dans-la-boite\/\" \/>\n<meta property=\"og:locale\" content=\"fr_FR\" \/>\n<meta property=\"og:type\" content=\"article\" \/>\n<meta property=\"og:title\" content=\"Bougeoir Iittala Kastehelmi Am\u00e9thyste neuf en boite - Vie danoise\" \/>\n<meta property=\"og:description\" content=\"L&#039;Iittala Kastehelmi Amethyst de l&#039;artiste Oiva Toikka est une couleur rare \u00e9mise en l&#039;honneur du 140e anniversaire d&#039;Iittala.\" \/>\n<meta property=\"og:url\" content=\"https:\/\/deenswonen.nl\/fr\/produit\/iittala-kastehelmi-chandelier-amethyste-neuf-dans-la-boite\/\" \/>\n<meta property=\"og:site_name\" content=\"Vie danoise\" \/>\n<meta property=\"article:modified_time\" content=\"2023-12-12T06:44:11+00:00\" \/>\n<meta property=\"og:image\" content=\"https:\/\/deenswonen.nl\/wp-content\/uploads\/2022\/03\/C657D676-7039-4D3B-B372-BF27352E3A5A.jpeg\" \/>\n\t<meta property=\"og:image:width\" content=\"640\" \/>\n\t<meta property=\"og:image:height\" content=\"480\" \/>\n\t<meta property=\"og:image:type\" content=\"image\/jpeg\" \/>\n<meta name=\"twitter:card\" content=\"summary_large_image\" \/>\n<meta name=\"twitter:label1\" content=\"Dur\u00e9e de lecture estim\u00e9e\" \/>\n\t<meta name=\"twitter:data1\" content=\"2 minutes\" \/>\n<script type=\"application\/ld+json\" class=\"yoast-schema-graph\">{\"@context\":\"https:\\\/\\\/schema.org\",\"@graph\":[{\"@type\":\"WebPage\",\"@id\":\"https:\\\/\\\/deenswonen.nl\\\/fr\\\/produit\\\/iittala-kastehelmi-chandelier-amethyste-neuf-dans-la-boite\\\/\",\"url\":\"https:\\\/\\\/deenswonen.nl\\\/fr\\\/produit\\\/iittala-kastehelmi-chandelier-amethyste-neuf-dans-la-boite\\\/\",\"name\":\"Bougeoir Iittala Kastehelmi Am\u00e9thyste neuf en boite - Vie danoise\",\"isPartOf\":{\"@id\":\"https:\\\/\\\/deenswonen.nl\\\/fr\\\/#website\"},\"primaryImageOfPage\":{\"@id\":\"https:\\\/\\\/deenswonen.nl\\\/fr\\\/produit\\\/iittala-kastehelmi-chandelier-amethyste-neuf-dans-la-boite\\\/#primaryimage\"},\"image\":{\"@id\":\"https:\\\/\\\/deenswonen.nl\\\/fr\\\/produit\\\/iittala-kastehelmi-chandelier-amethyste-neuf-dans-la-boite\\\/#primaryimage\"},\"thumbnailUrl\":\"https:\\\/\\\/i0.wp.com\\\/deenswonen.nl\\\/wp-content\\\/uploads\\\/2022\\\/03\\\/IMG_0555-2-kopieren-scaled.jpg?fit=2560%2C1920&ssl=1\",\"datePublished\":\"2022-03-18T10:00:24+00:00\",\"dateModified\":\"2023-12-12T06:44:11+00:00\",\"description\":\"L'Iittala Kastehelmi Amethyst de l'artiste Oiva Toikka est une couleur rare \u00e9mise en l'honneur du 140e anniversaire d'Iittala.\",\"breadcrumb\":{\"@id\":\"https:\\\/\\\/deenswonen.nl\\\/fr\\\/produit\\\/iittala-kastehelmi-chandelier-amethyste-neuf-dans-la-boite\\\/#breadcrumb\"},\"inLanguage\":\"fr-FR\",\"potentialAction\":[{\"@type\":\"ReadAction\",\"target\":[\"https:\\\/\\\/deenswonen.nl\\\/fr\\\/produit\\\/iittala-kastehelmi-chandelier-amethyste-neuf-dans-la-boite\\\/\"]}]},{\"@type\":\"ImageObject\",\"inLanguage\":\"fr-FR\",\"@id\":\"https:\\\/\\\/deenswonen.nl\\\/fr\\\/produit\\\/iittala-kastehelmi-chandelier-amethyste-neuf-dans-la-boite\\\/#primaryimage\",\"url\":\"https:\\\/\\\/i0.wp.com\\\/deenswonen.nl\\\/wp-content\\\/uploads\\\/2022\\\/03\\\/IMG_0555-2-kopieren-scaled.jpg?fit=2560%2C1920&ssl=1\",\"contentUrl\":\"https:\\\/\\\/i0.wp.com\\\/deenswonen.nl\\\/wp-content\\\/uploads\\\/2022\\\/03\\\/IMG_0555-2-kopieren-scaled.jpg?fit=2560%2C1920&ssl=1\",\"width\":2560,\"height\":1920,\"caption\":\"De Iittala Kastehelmi Amethist van de kunstenaar Oiva Toikka is een zeldzame kleur uitgegeven ter ere van het 140 jarige bestaan van Iittala. Het glazen object met zijn druppels is ge\u00efnspireerd op dauw. Hij voegt een uniek en elegant element toe aan elk interieur. De kleur Amethist zat slechts een korte periode in het assortiment van Iittala. De Iittala Kastehelmi Amethist\u00a0voegt aan elk interieur een opvallend element toe. Cre\u00ebert een zachte ambiance. Dit is bijvoorbeeld een perfect cadeau voor bruiloften, jubilea of verjaardagen. De kandelaar is alleen geschikt voor taps toelopende kaarsen. Ontwerp\u00a0Iittala Kastehelmi kandelaar\u00a0 Oiva Toikka liet zich bij het ontwerpen van de Kastehelmi-lijn voor het Finse Iittala inspireren door de dauwdruppels uit de natuur. Een voorbeeld hiervan is de prachtige reflectie van het kaarslicht door de druppels van deze kandelaar. De houder is geschikt voor waxinelichtjes. Ontwerper Oiva Toikka Ontwerpen Oiva Toikka heeft een belangrijke bijdrage geleverd aan de Finse glaskunst. Met zijn fantasierijke ontwerpen bracht hij een geheel nieuwe stijl toe aan glaskunst. Tegenwoordig wordt hij als een van de grootste namen in de Finse glaskunst gezien. Naast deze kandelaar heeft Toikka ook veel vogels voor Iittala ontworpen. Specificaties Iittala Kastehelmi kandelaar Amethist Deze prachtige kandelaar zit nieuw in doos. De kandelaar heeft een klein productiefoutje aan de rand. Bekijkt u hiervoor de foto's. De afmeting\u00a0is\u00a064 mm.\u00a0\"},{\"@type\":\"BreadcrumbList\",\"@id\":\"https:\\\/\\\/deenswonen.nl\\\/fr\\\/produit\\\/iittala-kastehelmi-chandelier-amethyste-neuf-dans-la-boite\\\/#breadcrumb\",\"itemListElement\":[{\"@type\":\"ListItem\",\"position\":1,\"name\":\"Home\",\"item\":\"https:\\\/\\\/deenswonen.nl\\\/fr\\\/\"},{\"@type\":\"ListItem\",\"position\":2,\"name\":\"Winkel\",\"item\":\"https:\\\/\\\/deenswonen.nl\\\/winkel\\\/\"},{\"@type\":\"ListItem\",\"position\":3,\"name\":\"Bougeoir Iittala Kastehelmi Am\u00e9thyste neuf en boite\"}]},{\"@type\":\"WebSite\",\"@id\":\"https:\\\/\\\/deenswonen.nl\\\/fr\\\/#website\",\"url\":\"https:\\\/\\\/deenswonen.nl\\\/fr\\\/\",\"name\":\"Deens wonen\",\"description\":\"Accessoires de maison vintage scandinaves\",\"publisher\":{\"@id\":\"https:\\\/\\\/deenswonen.nl\\\/fr\\\/#organization\"},\"potentialAction\":[{\"@type\":\"SearchAction\",\"target\":{\"@type\":\"EntryPoint\",\"urlTemplate\":\"https:\\\/\\\/deenswonen.nl\\\/fr\\\/?s={search_term_string}\"},\"query-input\":{\"@type\":\"PropertyValueSpecification\",\"valueRequired\":true,\"valueName\":\"search_term_string\"}}],\"inLanguage\":\"fr-FR\"},{\"@type\":\"Organization\",\"@id\":\"https:\\\/\\\/deenswonen.nl\\\/fr\\\/#organization\",\"name\":\"Vie danoise\",\"url\":\"https:\\\/\\\/deenswonen.nl\\\/fr\\\/\",\"logo\":{\"@type\":\"ImageObject\",\"inLanguage\":\"fr-FR\",\"@id\":\"https:\\\/\\\/deenswonen.nl\\\/fr\\\/#\\\/schema\\\/logo\\\/image\\\/\",\"url\":\"https:\\\/\\\/i0.wp.com\\\/deenswonen.nl\\\/wp-content\\\/uploads\\\/2021\\\/11\\\/51ECE736-8380-4D65-ACA6-DE74174F3C35_1_201_a.jpeg?fit=1200%2C675&ssl=1\",\"contentUrl\":\"https:\\\/\\\/i0.wp.com\\\/deenswonen.nl\\\/wp-content\\\/uploads\\\/2021\\\/11\\\/51ECE736-8380-4D65-ACA6-DE74174F3C35_1_201_a.jpeg?fit=1200%2C675&ssl=1\",\"width\":1200,\"height\":675,\"caption\":\"Vie danoise\"},\"image\":{\"@id\":\"https:\\\/\\\/deenswonen.nl\\\/fr\\\/#\\\/schema\\\/logo\\\/image\\\/\"}}]}<\/script>\n<!-- \/ Yoast SEO plugin. -->","yoast_head_json":{"title":"Bougeoir Iittala Kastehelmi Am\u00e9thyste neuf en boite - Vie danoise","description":"L'Iittala Kastehelmi Amethyst de l'artiste Oiva Toikka est une couleur rare \u00e9mise en l'honneur du 140e anniversaire d'Iittala.","robots":{"index":"index","follow":"follow","max-snippet":"max-snippet:-1","max-image-preview":"max-image-preview:large","max-video-preview":"max-video-preview:-1"},"canonical":"https:\/\/deenswonen.nl\/fr\/produit\/iittala-kastehelmi-chandelier-amethyste-neuf-dans-la-boite\/","og_locale":"fr_FR","og_type":"article","og_title":"Bougeoir Iittala Kastehelmi Am\u00e9thyste neuf en boite - Vie danoise","og_description":"L'Iittala Kastehelmi Amethyst de l'artiste Oiva Toikka est une couleur rare \u00e9mise en l'honneur du 140e anniversaire d'Iittala.","og_url":"https:\/\/deenswonen.nl\/fr\/produit\/iittala-kastehelmi-chandelier-amethyste-neuf-dans-la-boite\/","og_site_name":"Vie danoise","article_modified_time":"2023-12-12T06:44:11+00:00","og_image":[{"width":640,"height":480,"url":"https:\/\/deenswonen.nl\/wp-content\/uploads\/2022\/03\/C657D676-7039-4D3B-B372-BF27352E3A5A.jpeg","type":"image\/jpeg"}],"twitter_card":"summary_large_image","twitter_misc":{"Dur\u00e9e de lecture estim\u00e9e":"2 minutes"},"schema":{"@context":"https:\/\/schema.org","@graph":[{"@type":"WebPage","@id":"https:\/\/deenswonen.nl\/fr\/produit\/iittala-kastehelmi-chandelier-amethyste-neuf-dans-la-boite\/","url":"https:\/\/deenswonen.nl\/fr\/produit\/iittala-kastehelmi-chandelier-amethyste-neuf-dans-la-boite\/","name":"Bougeoir Iittala Kastehelmi Am\u00e9thyste neuf en boite - Vie danoise","isPartOf":{"@id":"https:\/\/deenswonen.nl\/fr\/#website"},"primaryImageOfPage":{"@id":"https:\/\/deenswonen.nl\/fr\/produit\/iittala-kastehelmi-chandelier-amethyste-neuf-dans-la-boite\/#primaryimage"},"image":{"@id":"https:\/\/deenswonen.nl\/fr\/produit\/iittala-kastehelmi-chandelier-amethyste-neuf-dans-la-boite\/#primaryimage"},"thumbnailUrl":"https:\/\/i0.wp.com\/deenswonen.nl\/wp-content\/uploads\/2022\/03\/IMG_0555-2-kopieren-scaled.jpg?fit=2560%2C1920&ssl=1","datePublished":"2022-03-18T10:00:24+00:00","dateModified":"2023-12-12T06:44:11+00:00","description":"L'Iittala Kastehelmi Amethyst de l'artiste Oiva Toikka est une couleur rare \u00e9mise en l'honneur du 140e anniversaire d'Iittala.","breadcrumb":{"@id":"https:\/\/deenswonen.nl\/fr\/produit\/iittala-kastehelmi-chandelier-amethyste-neuf-dans-la-boite\/#breadcrumb"},"inLanguage":"fr-FR","potentialAction":[{"@type":"ReadAction","target":["https:\/\/deenswonen.nl\/fr\/produit\/iittala-kastehelmi-chandelier-amethyste-neuf-dans-la-boite\/"]}]},{"@type":"ImageObject","inLanguage":"fr-FR","@id":"https:\/\/deenswonen.nl\/fr\/produit\/iittala-kastehelmi-chandelier-amethyste-neuf-dans-la-boite\/#primaryimage","url":"https:\/\/i0.wp.com\/deenswonen.nl\/wp-content\/uploads\/2022\/03\/IMG_0555-2-kopieren-scaled.jpg?fit=2560%2C1920&ssl=1","contentUrl":"https:\/\/i0.wp.com\/deenswonen.nl\/wp-content\/uploads\/2022\/03\/IMG_0555-2-kopieren-scaled.jpg?fit=2560%2C1920&ssl=1","width":2560,"height":1920,"caption":"De Iittala Kastehelmi Amethist van de kunstenaar Oiva Toikka is een zeldzame kleur uitgegeven ter ere van het 140 jarige bestaan van Iittala. Het glazen object met zijn druppels is ge\u00efnspireerd op dauw. Hij voegt een uniek en elegant element toe aan elk interieur. De kleur Amethist zat slechts een korte periode in het assortiment van Iittala. De Iittala Kastehelmi Amethist\u00a0voegt aan elk interieur een opvallend element toe. Cre\u00ebert een zachte ambiance. Dit is bijvoorbeeld een perfect cadeau voor bruiloften, jubilea of verjaardagen. De kandelaar is alleen geschikt voor taps toelopende kaarsen. Ontwerp\u00a0Iittala Kastehelmi kandelaar\u00a0 Oiva Toikka liet zich bij het ontwerpen van de Kastehelmi-lijn voor het Finse Iittala inspireren door de dauwdruppels uit de natuur. Een voorbeeld hiervan is de prachtige reflectie van het kaarslicht door de druppels van deze kandelaar. De houder is geschikt voor waxinelichtjes. Ontwerper Oiva Toikka Ontwerpen Oiva Toikka heeft een belangrijke bijdrage geleverd aan de Finse glaskunst. Met zijn fantasierijke ontwerpen bracht hij een geheel nieuwe stijl toe aan glaskunst. Tegenwoordig wordt hij als een van de grootste namen in de Finse glaskunst gezien. Naast deze kandelaar heeft Toikka ook veel vogels voor Iittala ontworpen. Specificaties Iittala Kastehelmi kandelaar Amethist Deze prachtige kandelaar zit nieuw in doos. De kandelaar heeft een klein productiefoutje aan de rand. Bekijkt u hiervoor de foto's. De afmeting\u00a0is\u00a064 mm.\u00a0"},{"@type":"BreadcrumbList","@id":"https:\/\/deenswonen.nl\/fr\/produit\/iittala-kastehelmi-chandelier-amethyste-neuf-dans-la-boite\/#breadcrumb","itemListElement":[{"@type":"ListItem","position":1,"name":"Home","item":"https:\/\/deenswonen.nl\/fr\/"},{"@type":"ListItem","position":2,"name":"Winkel","item":"https:\/\/deenswonen.nl\/winkel\/"},{"@type":"ListItem","position":3,"name":"Bougeoir Iittala Kastehelmi Am\u00e9thyste neuf en boite"}]},{"@type":"WebSite","@id":"https:\/\/deenswonen.nl\/fr\/#website","url":"https:\/\/deenswonen.nl\/fr\/","name":"Deens wonen","description":"Accessoires de maison vintage scandinaves","publisher":{"@id":"https:\/\/deenswonen.nl\/fr\/#organization"},"potentialAction":[{"@type":"SearchAction","target":{"@type":"EntryPoint","urlTemplate":"https:\/\/deenswonen.nl\/fr\/?s={search_term_string}"},"query-input":{"@type":"PropertyValueSpecification","valueRequired":true,"valueName":"search_term_string"}}],"inLanguage":"fr-FR"},{"@type":"Organization","@id":"https:\/\/deenswonen.nl\/fr\/#organization","name":"Vie danoise","url":"https:\/\/deenswonen.nl\/fr\/","logo":{"@type":"ImageObject","inLanguage":"fr-FR","@id":"https:\/\/deenswonen.nl\/fr\/#\/schema\/logo\/image\/","url":"https:\/\/i0.wp.com\/deenswonen.nl\/wp-content\/uploads\/2021\/11\/51ECE736-8380-4D65-ACA6-DE74174F3C35_1_201_a.jpeg?fit=1200%2C675&ssl=1","contentUrl":"https:\/\/i0.wp.com\/deenswonen.nl\/wp-content\/uploads\/2021\/11\/51ECE736-8380-4D65-ACA6-DE74174F3C35_1_201_a.jpeg?fit=1200%2C675&ssl=1","width":1200,"height":675,"caption":"Vie danoise"},"image":{"@id":"https:\/\/deenswonen.nl\/fr\/#\/schema\/logo\/image\/"}}]}},"jetpack_sharing_enabled":true,"_links":{"self":[{"href":"https:\/\/deenswonen.nl\/fr\/wp-json\/wp\/v2\/product\/6365","targetHints":{"allow":["GET"]}}],"collection":[{"href":"https:\/\/deenswonen.nl\/fr\/wp-json\/wp\/v2\/product"}],"about":[{"href":"https:\/\/deenswonen.nl\/fr\/wp-json\/wp\/v2\/types\/product"}],"wp:featuredmedia":[{"embeddable":true,"href":"https:\/\/deenswonen.nl\/fr\/wp-json\/wp\/v2\/media\/15637"}],"wp:attachment":[{"href":"https:\/\/deenswonen.nl\/fr\/wp-json\/wp\/v2\/media?parent=6365"}],"wp:term":[{"taxonomy":"product_brand","embeddable":true,"href":"https:\/\/deenswonen.nl\/fr\/wp-json\/wp\/v2\/product_brand?post=6365"},{"taxonomy":"product_cat","embeddable":true,"href":"https:\/\/deenswonen.nl\/fr\/wp-json\/wp\/v2\/product_cat?post=6365"},{"taxonomy":"product_tag","embeddable":true,"href":"https:\/\/deenswonen.nl\/fr\/wp-json\/wp\/v2\/product_tag?post=6365"}],"curies":[{"name":"wp","href":"https:\/\/api.w.org\/{rel}","templated":true}]}}