{"id":13949,"date":"2023-12-07T16:35:25","date_gmt":"2023-12-07T15:35:25","guid":{"rendered":"https:\/\/deenswonen.nl\/product\/photophore-iittala-ballo-gris\/"},"modified":"2023-12-07T16:35:25","modified_gmt":"2023-12-07T15:35:25","slug":"photophore-iittala-ballo-gris","status":"publish","type":"product","link":"https:\/\/deenswonen.nl\/fr\/produit\/photophore-iittala-ballo-gris\/","title":{"rendered":"Photophore Iittala Ballo Gris"},"content":{"rendered":"<h2 id=\"tw-target-text\" class=\"tw-data-text tw-text-large XcVN5d tw-ta\" dir=\"ltr\" data-placeholder=\"Vertaling\">Photophore Iittala Ballo Gris<\/h2>\n<p id=\"tw-target-text\" class=\"tw-data-text tw-text-large XcVN5d tw-ta\" dir=\"ltr\" data-placeholder=\"Vertaling\">Magnifique photophore Iittala Ballo Votive de couleur gris. Les photophores iittala Ballo sont press\u00e9s \u00e0 la main dans la verrerie d&rsquo;Iittala en Finlande. Ils ont \u00e9galement \u00e9t\u00e9 publi\u00e9s dans une large gamme de couleurs. Iittala produit chaque kivi selon sa propre recette de verre d\u00e9velopp\u00e9e pour cette couleur. Cela donne au verre \u00e9pais une douce lueur. Cela ajoute une atmosph\u00e8re chaleureuse \u00e0 n&rsquo;importe quel int\u00e9rieur. De plus, les lumi\u00e8res d&rsquo;ambiance en bas ont cinq pieds sur lesquels se tient le support.<\/p>\n<p>Par exemple, combinez ces Ballo&rsquo;s avec les Iittale Kivis de diff\u00e9rentes couleurs. Cela vous permet de concevoir votre propre environnement scandinave. Le photophore Iittala Ballo ajoute un \u00e9l\u00e9ment subtil \u00e0 n&rsquo;importe quel int\u00e9rieur. Vous cr\u00e9ez ainsi une ambiance douce. C&rsquo;est donc un cadeau parfait pour les mariages, les anniversaires ou les anniversaires. La lumi\u00e8re d&rsquo;ambiance convient aux bougies chauffe-plat.<\/p>\n<h2>Conception<span lang=\"nl\">Iittala Ballo<\/span> <\/h2>\n<p>Le photophore Iittala Ballo Votive a \u00e9t\u00e9 produit entre 1990 et 1999. Le Ballo a \u00e9t\u00e9 con\u00e7u par l&rsquo;artiste verrier finlandais Annaleena Hakatie. C&rsquo;est un objet de design moderne et fonctionnel. La particularit\u00e9 des iittala Ballo&rsquo;s est qu&rsquo;ils sont enti\u00e8rement en verre color\u00e9. Ceci est en contraste avec d&rsquo;autres photophores o\u00f9 le verre est peint \u00e0 l&rsquo;ext\u00e9rieur. La technique du verre color\u00e9 de part en part permet d&rsquo;obtenir une couleur particuli\u00e8rement riche.<\/p>\n<h2 id=\"tw-target-text\" class=\"tw-data-text tw-text-large XcVN5d tw-ta\" dir=\"ltr\" data-placeholder=\"Vertaling\"><span lang=\"nl\">Sp\u00e9cifications Iittala Ballo photophore Gris<\/span><\/h2>\n<p class=\"tw-data-text tw-text-large XcVN5d tw-ta\" dir=\"ltr\" data-placeholder=\"Vertaling\"><span lang=\"nl\">Ce<\/span> photophore Iittala Ballo Votive Gris <span lang=\"nl\">a environ 25 ans et est en bon \u00e9tat.<\/span> <span lang=\"nl\">La lumi\u00e8re d&rsquo;ambiance n&rsquo;a aucun dommage ni \u00e9clat.<\/span><\/p>\n<p class=\"tw-data-text tw-text-large XcVN5d tw-ta\" dir=\"ltr\" data-placeholder=\"Vertaling\"> <span lang=\"nl\">La hauteur<\/span> <span lang=\"nl\">est<\/span> <span lang=\"nl\">de 45 mm et le diam\u00e8tre est de 93 mm.<\/span><\/p>\n<p>Ce <span lang=\"nl\">photophore<\/span> a environ 25 ans, c&rsquo;est pourquoi nous vous demandons de bien regarder les photos. Cela vous donnera une bonne impression de l&rsquo;\u00e9tat du <span lang=\"nl\">porte-bougie.<\/span> Nous pouvons avoir plusieurs couleurs de <span lang=\"nl\">porte-bougies <\/span><a href=\"https:\/\/deenswonen.nl\/product-categorie\/merken\/iittala\/\">Ballodisponibles<\/a>.<\/p>\n<p>Nous exp\u00e9dions tous nos produits soigneusement emball\u00e9s avec Post NL. Nos produits peuvent \u00e9galement \u00eatre retir\u00e9s sur rendez-vous \u00e0 Berkel en Rodenrijs.<\/p>\n","protected":false},"excerpt":{"rendered":"<p id=\"tw-target-text\" class=\"tw-data-text tw-text-large XcVN5d tw-ta\" dir=\"ltr\" data-placeholder=\"Vertaling\">Magnifique photophore Iittala Ballo Votive de couleur gris. Les photophores iittala Ballo sont press\u00e9s \u00e0 la main dans la verrerie d&rsquo;Iittala en Finlande. Ils ont \u00e9galement \u00e9t\u00e9 publi\u00e9s dans une large gamme de couleurs. Iittala produit chaque kivi selon sa propre recette de verre d\u00e9velopp\u00e9e pour cette couleur. Cela donne au verre \u00e9pais une douce lueur. Cela ajoute une atmosph\u00e8re chaleureuse \u00e0 n&rsquo;importe quel int\u00e9rieur. De plus, les lumi\u00e8res d&rsquo;ambiance en bas ont cinq pieds sur lesquels se tient le support.<\/p>\n<p>Par exemple, combinez ces Ballo&rsquo;s avec les Iittale Kivis de diff\u00e9rentes couleurs. Cela vous permet de concevoir votre propre environnement scandinave. Le photophore Iittala Ballo ajoute un \u00e9l\u00e9ment subtil \u00e0 n&rsquo;importe quel int\u00e9rieur. Vous cr\u00e9ez ainsi une ambiance douce. C&rsquo;est donc un cadeau parfait pour les mariages, les anniversaires ou les anniversaires. La lumi\u00e8re d&rsquo;ambiance convient aux bougies chauffe-plat.<\/p>\n<p>Ce <span lang=\"nl\">photophore<\/span> a environ 25 ans, c&rsquo;est pourquoi nous vous demandons de bien regarder les photos. Cela vous donnera une bonne impression de l&rsquo;\u00e9tat du <span lang=\"nl\">porte-bougie.<\/span> Nous pouvons avoir plusieurs couleurs de <span lang=\"nl\">porte-bougies <\/span><a href=\"https:\/\/deenswonen.nl\/product-categorie\/merken\/iittala\/\">Ballodisponibles<\/a>.<\/p>\n<p>Nous exp\u00e9dions tous nos produits soigneusement emball\u00e9s avec Post NL. Nos produits peuvent \u00e9galement \u00eatre retir\u00e9s sur rendez-vous \u00e0 Berkel en Rodenrijs.<\/p>\n","protected":false},"featured_media":13871,"template":"","meta":[],"product_brand":[],"product_cat":[217,211,219,216],"product_tag":[],"class_list":{"0":"post-13949","1":"product","2":"type-product","3":"status-publish","4":"has-post-thumbnail","6":"product_cat-chandeliers","7":"product_cat-iittala-fr","8":"product_cat-populaire-fr","9":"product_cat-vient-darriver-fr","10":"thunk-woo-product-list","11":"opn-qv-enable","12":"top-store-woo-hover-swap","13":"top-store-single-product-tab-horizontal","14":"top-store-shadow-","15":"top-store-shadow-hover-","17":"first","18":"instock","19":"taxable","20":"shipping-taxable","21":"purchasable","22":"product-type-simple"},"yoast_head":"<!-- This site is optimized with the Yoast SEO plugin v27.3 - https:\/\/yoast.com\/product\/yoast-seo-wordpress\/ -->\n<title>Photophore Iittala Ballo Gris - Vie danoise<\/title>\n<meta name=\"description\" content=\"Porte-bougie chauffe-plat vintage Iittala Ballo Votive Gris. Regardez ici pour plus d&#039;accessoires de maison Iittala vintage. \u221aLarge gamme \u221aexp\u00e9dition rapide\" \/>\n<meta name=\"robots\" content=\"index, follow, max-snippet:-1, max-image-preview:large, max-video-preview:-1\" \/>\n<link rel=\"canonical\" href=\"https:\/\/deenswonen.nl\/fr\/produit\/photophore-iittala-ballo-gris\/\" \/>\n<meta property=\"og:locale\" content=\"fr_FR\" \/>\n<meta property=\"og:type\" content=\"article\" \/>\n<meta property=\"og:title\" content=\"Photophore Iittala Ballo Gris - Vie danoise\" \/>\n<meta property=\"og:description\" content=\"Porte-bougie chauffe-plat vintage Iittala Ballo Votive Gris. Regardez ici pour plus d&#039;accessoires de maison Iittala vintage. \u221aLarge gamme \u221aexp\u00e9dition rapide\" \/>\n<meta property=\"og:url\" content=\"https:\/\/deenswonen.nl\/fr\/produit\/photophore-iittala-ballo-gris\/\" \/>\n<meta property=\"og:site_name\" content=\"Vie danoise\" \/>\n<meta property=\"og:image\" content=\"https:\/\/i0.wp.com\/deenswonen.nl\/wp-content\/uploads\/2023\/12\/30802004-1739-4D20-8341-93B63AB2A5C0_1_105_c-kopieren.jpg?fit=1024%2C769&ssl=1\" \/>\n\t<meta property=\"og:image:width\" content=\"1024\" \/>\n\t<meta property=\"og:image:height\" content=\"769\" \/>\n\t<meta property=\"og:image:type\" content=\"image\/jpeg\" \/>\n<meta name=\"twitter:card\" content=\"summary_large_image\" \/>\n<meta name=\"twitter:label1\" content=\"Dur\u00e9e de lecture estim\u00e9e\" \/>\n\t<meta name=\"twitter:data1\" content=\"2 minutes\" \/>\n<script type=\"application\/ld+json\" class=\"yoast-schema-graph\">{\"@context\":\"https:\\\/\\\/schema.org\",\"@graph\":[{\"@type\":\"WebPage\",\"@id\":\"https:\\\/\\\/deenswonen.nl\\\/fr\\\/produit\\\/photophore-iittala-ballo-gris\\\/\",\"url\":\"https:\\\/\\\/deenswonen.nl\\\/fr\\\/produit\\\/photophore-iittala-ballo-gris\\\/\",\"name\":\"Photophore Iittala Ballo Gris - Vie danoise\",\"isPartOf\":{\"@id\":\"https:\\\/\\\/deenswonen.nl\\\/fr\\\/#website\"},\"primaryImageOfPage\":{\"@id\":\"https:\\\/\\\/deenswonen.nl\\\/fr\\\/produit\\\/photophore-iittala-ballo-gris\\\/#primaryimage\"},\"image\":{\"@id\":\"https:\\\/\\\/deenswonen.nl\\\/fr\\\/produit\\\/photophore-iittala-ballo-gris\\\/#primaryimage\"},\"thumbnailUrl\":\"https:\\\/\\\/i0.wp.com\\\/deenswonen.nl\\\/wp-content\\\/uploads\\\/2023\\\/12\\\/30802004-1739-4D20-8341-93B63AB2A5C0_1_105_c-kopieren.jpg?fit=1024%2C769&ssl=1\",\"datePublished\":\"2023-12-07T15:35:25+00:00\",\"description\":\"Porte-bougie chauffe-plat vintage Iittala Ballo Votive Gris. Regardez ici pour plus d'accessoires de maison Iittala vintage. \u221aLarge gamme \u221aexp\u00e9dition rapide\",\"breadcrumb\":{\"@id\":\"https:\\\/\\\/deenswonen.nl\\\/fr\\\/produit\\\/photophore-iittala-ballo-gris\\\/#breadcrumb\"},\"inLanguage\":\"fr-FR\",\"potentialAction\":[{\"@type\":\"ReadAction\",\"target\":[\"https:\\\/\\\/deenswonen.nl\\\/fr\\\/produit\\\/photophore-iittala-ballo-gris\\\/\"]}]},{\"@type\":\"ImageObject\",\"inLanguage\":\"fr-FR\",\"@id\":\"https:\\\/\\\/deenswonen.nl\\\/fr\\\/produit\\\/photophore-iittala-ballo-gris\\\/#primaryimage\",\"url\":\"https:\\\/\\\/i0.wp.com\\\/deenswonen.nl\\\/wp-content\\\/uploads\\\/2023\\\/12\\\/30802004-1739-4D20-8341-93B63AB2A5C0_1_105_c-kopieren.jpg?fit=1024%2C769&ssl=1\",\"contentUrl\":\"https:\\\/\\\/i0.wp.com\\\/deenswonen.nl\\\/wp-content\\\/uploads\\\/2023\\\/12\\\/30802004-1739-4D20-8341-93B63AB2A5C0_1_105_c-kopieren.jpg?fit=1024%2C769&ssl=1\",\"width\":1024,\"height\":769,\"caption\":\"Iittala Ballo waxinelichthouder Grijs\"},{\"@type\":\"BreadcrumbList\",\"@id\":\"https:\\\/\\\/deenswonen.nl\\\/fr\\\/produit\\\/photophore-iittala-ballo-gris\\\/#breadcrumb\",\"itemListElement\":[{\"@type\":\"ListItem\",\"position\":1,\"name\":\"Home\",\"item\":\"https:\\\/\\\/deenswonen.nl\\\/fr\\\/\"},{\"@type\":\"ListItem\",\"position\":2,\"name\":\"Winkel\",\"item\":\"https:\\\/\\\/deenswonen.nl\\\/winkel\\\/\"},{\"@type\":\"ListItem\",\"position\":3,\"name\":\"Photophore Iittala Ballo Gris\"}]},{\"@type\":\"WebSite\",\"@id\":\"https:\\\/\\\/deenswonen.nl\\\/fr\\\/#website\",\"url\":\"https:\\\/\\\/deenswonen.nl\\\/fr\\\/\",\"name\":\"Deens wonen\",\"description\":\"Accessoires de maison vintage scandinaves\",\"publisher\":{\"@id\":\"https:\\\/\\\/deenswonen.nl\\\/fr\\\/#organization\"},\"potentialAction\":[{\"@type\":\"SearchAction\",\"target\":{\"@type\":\"EntryPoint\",\"urlTemplate\":\"https:\\\/\\\/deenswonen.nl\\\/fr\\\/?s={search_term_string}\"},\"query-input\":{\"@type\":\"PropertyValueSpecification\",\"valueRequired\":true,\"valueName\":\"search_term_string\"}}],\"inLanguage\":\"fr-FR\"},{\"@type\":\"Organization\",\"@id\":\"https:\\\/\\\/deenswonen.nl\\\/fr\\\/#organization\",\"name\":\"Vie danoise\",\"url\":\"https:\\\/\\\/deenswonen.nl\\\/fr\\\/\",\"logo\":{\"@type\":\"ImageObject\",\"inLanguage\":\"fr-FR\",\"@id\":\"https:\\\/\\\/deenswonen.nl\\\/fr\\\/#\\\/schema\\\/logo\\\/image\\\/\",\"url\":\"https:\\\/\\\/i0.wp.com\\\/deenswonen.nl\\\/wp-content\\\/uploads\\\/2021\\\/11\\\/51ECE736-8380-4D65-ACA6-DE74174F3C35_1_201_a.jpeg?fit=1200%2C675&ssl=1\",\"contentUrl\":\"https:\\\/\\\/i0.wp.com\\\/deenswonen.nl\\\/wp-content\\\/uploads\\\/2021\\\/11\\\/51ECE736-8380-4D65-ACA6-DE74174F3C35_1_201_a.jpeg?fit=1200%2C675&ssl=1\",\"width\":1200,\"height\":675,\"caption\":\"Vie danoise\"},\"image\":{\"@id\":\"https:\\\/\\\/deenswonen.nl\\\/fr\\\/#\\\/schema\\\/logo\\\/image\\\/\"}}]}<\/script>\n<!-- \/ Yoast SEO plugin. -->","yoast_head_json":{"title":"Photophore Iittala Ballo Gris - Vie danoise","description":"Porte-bougie chauffe-plat vintage Iittala Ballo Votive Gris. Regardez ici pour plus d'accessoires de maison Iittala vintage. \u221aLarge gamme \u221aexp\u00e9dition rapide","robots":{"index":"index","follow":"follow","max-snippet":"max-snippet:-1","max-image-preview":"max-image-preview:large","max-video-preview":"max-video-preview:-1"},"canonical":"https:\/\/deenswonen.nl\/fr\/produit\/photophore-iittala-ballo-gris\/","og_locale":"fr_FR","og_type":"article","og_title":"Photophore Iittala Ballo Gris - Vie danoise","og_description":"Porte-bougie chauffe-plat vintage Iittala Ballo Votive Gris. Regardez ici pour plus d'accessoires de maison Iittala vintage. \u221aLarge gamme \u221aexp\u00e9dition rapide","og_url":"https:\/\/deenswonen.nl\/fr\/produit\/photophore-iittala-ballo-gris\/","og_site_name":"Vie danoise","og_image":[{"width":1024,"height":769,"url":"https:\/\/i0.wp.com\/deenswonen.nl\/wp-content\/uploads\/2023\/12\/30802004-1739-4D20-8341-93B63AB2A5C0_1_105_c-kopieren.jpg?fit=1024%2C769&ssl=1","type":"image\/jpeg"}],"twitter_card":"summary_large_image","twitter_misc":{"Dur\u00e9e de lecture estim\u00e9e":"2 minutes"},"schema":{"@context":"https:\/\/schema.org","@graph":[{"@type":"WebPage","@id":"https:\/\/deenswonen.nl\/fr\/produit\/photophore-iittala-ballo-gris\/","url":"https:\/\/deenswonen.nl\/fr\/produit\/photophore-iittala-ballo-gris\/","name":"Photophore Iittala Ballo Gris - Vie danoise","isPartOf":{"@id":"https:\/\/deenswonen.nl\/fr\/#website"},"primaryImageOfPage":{"@id":"https:\/\/deenswonen.nl\/fr\/produit\/photophore-iittala-ballo-gris\/#primaryimage"},"image":{"@id":"https:\/\/deenswonen.nl\/fr\/produit\/photophore-iittala-ballo-gris\/#primaryimage"},"thumbnailUrl":"https:\/\/i0.wp.com\/deenswonen.nl\/wp-content\/uploads\/2023\/12\/30802004-1739-4D20-8341-93B63AB2A5C0_1_105_c-kopieren.jpg?fit=1024%2C769&ssl=1","datePublished":"2023-12-07T15:35:25+00:00","description":"Porte-bougie chauffe-plat vintage Iittala Ballo Votive Gris. Regardez ici pour plus d'accessoires de maison Iittala vintage. \u221aLarge gamme \u221aexp\u00e9dition rapide","breadcrumb":{"@id":"https:\/\/deenswonen.nl\/fr\/produit\/photophore-iittala-ballo-gris\/#breadcrumb"},"inLanguage":"fr-FR","potentialAction":[{"@type":"ReadAction","target":["https:\/\/deenswonen.nl\/fr\/produit\/photophore-iittala-ballo-gris\/"]}]},{"@type":"ImageObject","inLanguage":"fr-FR","@id":"https:\/\/deenswonen.nl\/fr\/produit\/photophore-iittala-ballo-gris\/#primaryimage","url":"https:\/\/i0.wp.com\/deenswonen.nl\/wp-content\/uploads\/2023\/12\/30802004-1739-4D20-8341-93B63AB2A5C0_1_105_c-kopieren.jpg?fit=1024%2C769&ssl=1","contentUrl":"https:\/\/i0.wp.com\/deenswonen.nl\/wp-content\/uploads\/2023\/12\/30802004-1739-4D20-8341-93B63AB2A5C0_1_105_c-kopieren.jpg?fit=1024%2C769&ssl=1","width":1024,"height":769,"caption":"Iittala Ballo waxinelichthouder Grijs"},{"@type":"BreadcrumbList","@id":"https:\/\/deenswonen.nl\/fr\/produit\/photophore-iittala-ballo-gris\/#breadcrumb","itemListElement":[{"@type":"ListItem","position":1,"name":"Home","item":"https:\/\/deenswonen.nl\/fr\/"},{"@type":"ListItem","position":2,"name":"Winkel","item":"https:\/\/deenswonen.nl\/winkel\/"},{"@type":"ListItem","position":3,"name":"Photophore Iittala Ballo Gris"}]},{"@type":"WebSite","@id":"https:\/\/deenswonen.nl\/fr\/#website","url":"https:\/\/deenswonen.nl\/fr\/","name":"Deens wonen","description":"Accessoires de maison vintage scandinaves","publisher":{"@id":"https:\/\/deenswonen.nl\/fr\/#organization"},"potentialAction":[{"@type":"SearchAction","target":{"@type":"EntryPoint","urlTemplate":"https:\/\/deenswonen.nl\/fr\/?s={search_term_string}"},"query-input":{"@type":"PropertyValueSpecification","valueRequired":true,"valueName":"search_term_string"}}],"inLanguage":"fr-FR"},{"@type":"Organization","@id":"https:\/\/deenswonen.nl\/fr\/#organization","name":"Vie danoise","url":"https:\/\/deenswonen.nl\/fr\/","logo":{"@type":"ImageObject","inLanguage":"fr-FR","@id":"https:\/\/deenswonen.nl\/fr\/#\/schema\/logo\/image\/","url":"https:\/\/i0.wp.com\/deenswonen.nl\/wp-content\/uploads\/2021\/11\/51ECE736-8380-4D65-ACA6-DE74174F3C35_1_201_a.jpeg?fit=1200%2C675&ssl=1","contentUrl":"https:\/\/i0.wp.com\/deenswonen.nl\/wp-content\/uploads\/2021\/11\/51ECE736-8380-4D65-ACA6-DE74174F3C35_1_201_a.jpeg?fit=1200%2C675&ssl=1","width":1200,"height":675,"caption":"Vie danoise"},"image":{"@id":"https:\/\/deenswonen.nl\/fr\/#\/schema\/logo\/image\/"}}]}},"jetpack_sharing_enabled":true,"_links":{"self":[{"href":"https:\/\/deenswonen.nl\/fr\/wp-json\/wp\/v2\/product\/13949","targetHints":{"allow":["GET"]}}],"collection":[{"href":"https:\/\/deenswonen.nl\/fr\/wp-json\/wp\/v2\/product"}],"about":[{"href":"https:\/\/deenswonen.nl\/fr\/wp-json\/wp\/v2\/types\/product"}],"wp:featuredmedia":[{"embeddable":true,"href":"https:\/\/deenswonen.nl\/fr\/wp-json\/wp\/v2\/media\/13871"}],"wp:attachment":[{"href":"https:\/\/deenswonen.nl\/fr\/wp-json\/wp\/v2\/media?parent=13949"}],"wp:term":[{"taxonomy":"product_brand","embeddable":true,"href":"https:\/\/deenswonen.nl\/fr\/wp-json\/wp\/v2\/product_brand?post=13949"},{"taxonomy":"product_cat","embeddable":true,"href":"https:\/\/deenswonen.nl\/fr\/wp-json\/wp\/v2\/product_cat?post=13949"},{"taxonomy":"product_tag","embeddable":true,"href":"https:\/\/deenswonen.nl\/fr\/wp-json\/wp\/v2\/product_tag?post=13949"}],"curies":[{"name":"wp","href":"https:\/\/api.w.org\/{rel}","templated":true}]}}