{"id":13815,"date":"2023-12-07T16:05:08","date_gmt":"2023-12-07T15:05:08","guid":{"rendered":"https:\/\/deenswonen.nl\/?post_type=product&#038;p=13815"},"modified":"2023-12-20T00:05:11","modified_gmt":"2023-12-19T23:05:11","slug":"iittala-alvar-aalto-photophore-bleu-clair-kopie","status":"publish","type":"product","link":"https:\/\/deenswonen.nl\/fr\/produit\/iittala-alvar-aalto-photophore-bleu-clair-kopie\/","title":{"rendered":"Iittala Alvar Aalto photophore transparent"},"content":{"rendered":"<h2 id=\"tw-target-text\" class=\"tw-data-text tw-text-large XcVN5d tw-ta\" dir=\"ltr\" data-placeholder=\"Vertaling\">Iittala Alvar Aalto photophore transparent<\/h2>\n<p>Magnifique photophore Iittala Aalto transparent. La lumi\u00e8re est bas\u00e9e sur le vase Aalto de renomm\u00e9e mondiale. Alvar Aalto a con\u00e7u le vase Aalto en 1936. D\u00e9j\u00e0 Aalto a con\u00e7u le vase Aalto en 1936. La forme fluide et organique est toujours souffl\u00e9e \u00e0 la bouche \u00e0 l&rsquo;usine d&rsquo;Iittala. Par exemple, sept artisans qualifi\u00e9s sont n\u00e9cessaires pour fabriquer un vase Aalto. Le vase Aalto est une ic\u00f4ne du design moderne.<\/p>\n<p>L&rsquo;\u00e9l\u00e9gant photophore Iittala Aalto ajoute un \u00e9l\u00e9ment saisissant \u00e0 n&rsquo;importe quel int\u00e9rieur et cr\u00e9e une ambiance douce. Un cadeau parfait pour quelqu&rsquo;un d&rsquo;autre ou pour vous-m\u00eame.<\/p>\n<h2>Concevoir<\/h2>\n<p>Le designer de renomm\u00e9e mondiale Alvar Aalto a combin\u00e9 des designs simples avec un grand savoir-faire. Il a cr\u00e9\u00e9 des pi\u00e8ces de design embl\u00e9matiques \u00e0 la fois fonctionnelles et belles. La forme ondul\u00e9e asym\u00e9trique qu&rsquo;Aalto a con\u00e7ue pour Iittala a fait forte impression lors de l&rsquo;Exposition universelle de 1937 \u00e0 Paris. La collection Aalto est unique et inspir\u00e9e des milliers de lacs finlandais.<\/p>\n<p>Lumi\u00e8re d&rsquo;ambiance est id\u00e9ale pour une table joliment dress\u00e9e. De plus, le design apporte une atmosph\u00e8re raffin\u00e9e \u00e0 tout int\u00e9rieur. Placez plusieurs de ces luminaires ensemble ou combinez-les avec d&rsquo;autres produits de la gamme Aalto. En plus des vases, d&rsquo;autres accessoires pour la maison sont d\u00e9sormais disponibles dans la gamme Aalto. Vous pouvez penser aux bols et bien s\u00fbr aussi \u00e0 ce magnifique photophore.<\/p>\n<h2 id=\"tw-target-text\" class=\"tw-data-text tw-text-large XcVN5d tw-ta\" dir=\"ltr\" data-placeholder=\"Vertaling\"><span lang=\"nl\">Sp\u00e9cifications Iittala Aalto photophore transparent<\/span><\/h2>\n<p class=\"tw-data-text tw-text-large XcVN5d tw-ta\" dir=\"ltr\" data-placeholder=\"Vertaling\"><span lang=\"nl\">Ce magnifique photophore est en bon \u00e9tat. Il n&rsquo;a aucun dommage ni \u00e9clat. <\/span><\/p>\n<p>Les mesures sont :<\/p>\n<ul class=\"list-unstyled\">\n<li><span class=\"t-bold\">Largeur :<\/span> <span data-at=\"specifications-Breedte\">8cm<\/span><\/li>\n<li><span class=\"t-bold\">Profondeur :<\/span> <span data-at=\"specifications-Diepte\">9 cm<\/span><\/li>\n<li><span class=\"t-bold\">Hauteur :<\/span> <span data-at=\"specifications-Hoogte\">5,5cm<\/span><\/li>\n<\/ul>\n<p>La lumi\u00e8re a environ 3 ans, c&rsquo;est pourquoi nous vous demandons de bien regarder les photos. Cela vous donnera une bonne impression de l&rsquo;\u00e9tat de la lumi\u00e8re d&rsquo;ambiance. Nous pouvons avoir plusieurs mod\u00e8les <strong><a href=\"https:\/\/deenswonen.nl\/product-categorie\/merken\/iittala\/\">disponibles<\/a><\/strong> .<\/p>\n<p>Nous exp\u00e9dions tous nos produits soigneusement emball\u00e9s. Nos produits peuvent \u00e9galement \u00eatre retir\u00e9s sur rendez-vous \u00e0 Berkel en Rodenrijs.<\/p>\n","protected":false},"excerpt":{"rendered":"<p>Magnifique photophore Iittala Aalto transparent. Le porte-bougie est bas\u00e9 sur le c\u00e9l\u00e8bre vase Aalto. L&rsquo;\u00e9l\u00e9gant photophore Iittala Aalto ajoute un \u00e9l\u00e9ment saisissant \u00e0 n&rsquo;importe quel int\u00e9rieur et cr\u00e9e une ambiance douce. Un cadeau parfait pour quelqu&rsquo;un d&rsquo;autre ou pour vous-m\u00eame.<\/p>\n<p>Ce photophore a environ 3 ans, c&rsquo;est pourquoi nous vous demandons de bien regarder les photos. Cela vous donnera une bonne impression de l&rsquo;\u00e9tat. Nous pouvons avoir plusieurs mod\u00e8les <strong><a href=\"https:\/\/deenswonen.nl\/product-categorie\/merken\/iittala\/\">disponibles<\/a><\/strong> .<\/p>\n","protected":false},"featured_media":13824,"template":"","meta":[],"product_brand":[],"product_cat":[217,211,219,216],"product_tag":[],"class_list":{"0":"post-13815","1":"product","2":"type-product","3":"status-publish","4":"has-post-thumbnail","6":"product_cat-chandeliers","7":"product_cat-iittala-fr","8":"product_cat-populaire-fr","9":"product_cat-vient-darriver-fr","10":"thunk-woo-product-list","11":"opn-qv-enable","12":"top-store-woo-hover-swap","13":"top-store-single-product-tab-horizontal","14":"top-store-shadow-","15":"top-store-shadow-hover-","16":"top-store-swap-item-hover","18":"first","19":"outofstock","20":"taxable","21":"shipping-taxable","22":"purchasable","23":"product-type-simple"},"yoast_head":"<!-- This site is optimized with the Yoast SEO plugin v27.3 - https:\/\/yoast.com\/product\/yoast-seo-wordpress\/ -->\n<title>Iittala Alvar Aalto photophore transparent - vie danoise<\/title>\n<meta name=\"description\" content=\"L&#039;\u00e9l\u00e9gant porte-bougie Iittala Aalto transparent ajoute un \u00e9l\u00e9ment saisissant \u00e0 n&#039;importe quel int\u00e9rieur et cr\u00e9e une ambiance douce.\" \/>\n<meta name=\"robots\" content=\"index, follow, max-snippet:-1, max-image-preview:large, max-video-preview:-1\" \/>\n<link rel=\"canonical\" href=\"https:\/\/deenswonen.nl\/fr\/produit\/iittala-alvar-aalto-photophore-bleu-clair-kopie\/\" \/>\n<meta property=\"og:locale\" content=\"fr_FR\" \/>\n<meta property=\"og:type\" content=\"article\" \/>\n<meta property=\"og:title\" content=\"Iittala Alvar Aalto photophore transparent - vie danoise\" \/>\n<meta property=\"og:description\" content=\"L&#039;\u00e9l\u00e9gant porte-bougie Iittala Aalto transparent ajoute un \u00e9l\u00e9ment saisissant \u00e0 n&#039;importe quel int\u00e9rieur et cr\u00e9e une ambiance douce.\" \/>\n<meta property=\"og:url\" content=\"https:\/\/deenswonen.nl\/fr\/produit\/iittala-alvar-aalto-photophore-bleu-clair-kopie\/\" \/>\n<meta property=\"og:site_name\" content=\"Vie danoise\" \/>\n<meta property=\"article:modified_time\" content=\"2023-12-19T23:05:11+00:00\" \/>\n<meta property=\"og:image\" content=\"https:\/\/i0.wp.com\/deenswonen.nl\/wp-content\/uploads\/2023\/12\/23173900-2C10-4C7A-801E-B5D493263988_1_105_c-kopieren.jpg?fit=1024%2C768&ssl=1\" \/>\n\t<meta property=\"og:image:width\" content=\"1024\" \/>\n\t<meta property=\"og:image:height\" content=\"768\" \/>\n\t<meta property=\"og:image:type\" content=\"image\/jpeg\" \/>\n<meta name=\"twitter:card\" content=\"summary_large_image\" \/>\n<meta name=\"twitter:label1\" content=\"Dur\u00e9e de lecture estim\u00e9e\" \/>\n\t<meta name=\"twitter:data1\" content=\"2 minutes\" \/>\n<script type=\"application\/ld+json\" class=\"yoast-schema-graph\">{\"@context\":\"https:\\\/\\\/schema.org\",\"@graph\":[{\"@type\":\"WebPage\",\"@id\":\"https:\\\/\\\/deenswonen.nl\\\/fr\\\/produit\\\/iittala-alvar-aalto-photophore-bleu-clair-kopie\\\/\",\"url\":\"https:\\\/\\\/deenswonen.nl\\\/fr\\\/produit\\\/iittala-alvar-aalto-photophore-bleu-clair-kopie\\\/\",\"name\":\"Iittala Alvar Aalto photophore transparent - vie danoise\",\"isPartOf\":{\"@id\":\"https:\\\/\\\/deenswonen.nl\\\/fr\\\/#website\"},\"primaryImageOfPage\":{\"@id\":\"https:\\\/\\\/deenswonen.nl\\\/fr\\\/produit\\\/iittala-alvar-aalto-photophore-bleu-clair-kopie\\\/#primaryimage\"},\"image\":{\"@id\":\"https:\\\/\\\/deenswonen.nl\\\/fr\\\/produit\\\/iittala-alvar-aalto-photophore-bleu-clair-kopie\\\/#primaryimage\"},\"thumbnailUrl\":\"https:\\\/\\\/i0.wp.com\\\/deenswonen.nl\\\/wp-content\\\/uploads\\\/2023\\\/12\\\/23173900-2C10-4C7A-801E-B5D493263988_1_105_c-kopieren.jpg?fit=1024%2C768&ssl=1\",\"datePublished\":\"2023-12-07T15:05:08+00:00\",\"dateModified\":\"2023-12-19T23:05:11+00:00\",\"description\":\"L'\u00e9l\u00e9gant porte-bougie Iittala Aalto transparent ajoute un \u00e9l\u00e9ment saisissant \u00e0 n'importe quel int\u00e9rieur et cr\u00e9e une ambiance douce.\",\"breadcrumb\":{\"@id\":\"https:\\\/\\\/deenswonen.nl\\\/fr\\\/produit\\\/iittala-alvar-aalto-photophore-bleu-clair-kopie\\\/#breadcrumb\"},\"inLanguage\":\"fr-FR\",\"potentialAction\":[{\"@type\":\"ReadAction\",\"target\":[\"https:\\\/\\\/deenswonen.nl\\\/fr\\\/produit\\\/iittala-alvar-aalto-photophore-bleu-clair-kopie\\\/\"]}]},{\"@type\":\"ImageObject\",\"inLanguage\":\"fr-FR\",\"@id\":\"https:\\\/\\\/deenswonen.nl\\\/fr\\\/produit\\\/iittala-alvar-aalto-photophore-bleu-clair-kopie\\\/#primaryimage\",\"url\":\"https:\\\/\\\/i0.wp.com\\\/deenswonen.nl\\\/wp-content\\\/uploads\\\/2023\\\/12\\\/23173900-2C10-4C7A-801E-B5D493263988_1_105_c-kopieren.jpg?fit=1024%2C768&ssl=1\",\"contentUrl\":\"https:\\\/\\\/i0.wp.com\\\/deenswonen.nl\\\/wp-content\\\/uploads\\\/2023\\\/12\\\/23173900-2C10-4C7A-801E-B5D493263988_1_105_c-kopieren.jpg?fit=1024%2C768&ssl=1\",\"width\":1024,\"height\":768,\"caption\":\"Iittala Alvar Aalto waxinelichthouder transparant\"},{\"@type\":\"BreadcrumbList\",\"@id\":\"https:\\\/\\\/deenswonen.nl\\\/fr\\\/produit\\\/iittala-alvar-aalto-photophore-bleu-clair-kopie\\\/#breadcrumb\",\"itemListElement\":[{\"@type\":\"ListItem\",\"position\":1,\"name\":\"Home\",\"item\":\"https:\\\/\\\/deenswonen.nl\\\/fr\\\/\"},{\"@type\":\"ListItem\",\"position\":2,\"name\":\"Winkel\",\"item\":\"https:\\\/\\\/deenswonen.nl\\\/winkel\\\/\"},{\"@type\":\"ListItem\",\"position\":3,\"name\":\"Iittala Alvar Aalto photophore transparent\"}]},{\"@type\":\"WebSite\",\"@id\":\"https:\\\/\\\/deenswonen.nl\\\/fr\\\/#website\",\"url\":\"https:\\\/\\\/deenswonen.nl\\\/fr\\\/\",\"name\":\"Deens wonen\",\"description\":\"Accessoires de maison vintage scandinaves\",\"publisher\":{\"@id\":\"https:\\\/\\\/deenswonen.nl\\\/fr\\\/#organization\"},\"potentialAction\":[{\"@type\":\"SearchAction\",\"target\":{\"@type\":\"EntryPoint\",\"urlTemplate\":\"https:\\\/\\\/deenswonen.nl\\\/fr\\\/?s={search_term_string}\"},\"query-input\":{\"@type\":\"PropertyValueSpecification\",\"valueRequired\":true,\"valueName\":\"search_term_string\"}}],\"inLanguage\":\"fr-FR\"},{\"@type\":\"Organization\",\"@id\":\"https:\\\/\\\/deenswonen.nl\\\/fr\\\/#organization\",\"name\":\"Vie danoise\",\"url\":\"https:\\\/\\\/deenswonen.nl\\\/fr\\\/\",\"logo\":{\"@type\":\"ImageObject\",\"inLanguage\":\"fr-FR\",\"@id\":\"https:\\\/\\\/deenswonen.nl\\\/fr\\\/#\\\/schema\\\/logo\\\/image\\\/\",\"url\":\"https:\\\/\\\/i0.wp.com\\\/deenswonen.nl\\\/wp-content\\\/uploads\\\/2021\\\/11\\\/51ECE736-8380-4D65-ACA6-DE74174F3C35_1_201_a.jpeg?fit=1200%2C675&ssl=1\",\"contentUrl\":\"https:\\\/\\\/i0.wp.com\\\/deenswonen.nl\\\/wp-content\\\/uploads\\\/2021\\\/11\\\/51ECE736-8380-4D65-ACA6-DE74174F3C35_1_201_a.jpeg?fit=1200%2C675&ssl=1\",\"width\":1200,\"height\":675,\"caption\":\"Vie danoise\"},\"image\":{\"@id\":\"https:\\\/\\\/deenswonen.nl\\\/fr\\\/#\\\/schema\\\/logo\\\/image\\\/\"}}]}<\/script>\n<!-- \/ Yoast SEO plugin. -->","yoast_head_json":{"title":"Iittala Alvar Aalto photophore transparent - vie danoise","description":"L'\u00e9l\u00e9gant porte-bougie Iittala Aalto transparent ajoute un \u00e9l\u00e9ment saisissant \u00e0 n'importe quel int\u00e9rieur et cr\u00e9e une ambiance douce.","robots":{"index":"index","follow":"follow","max-snippet":"max-snippet:-1","max-image-preview":"max-image-preview:large","max-video-preview":"max-video-preview:-1"},"canonical":"https:\/\/deenswonen.nl\/fr\/produit\/iittala-alvar-aalto-photophore-bleu-clair-kopie\/","og_locale":"fr_FR","og_type":"article","og_title":"Iittala Alvar Aalto photophore transparent - vie danoise","og_description":"L'\u00e9l\u00e9gant porte-bougie Iittala Aalto transparent ajoute un \u00e9l\u00e9ment saisissant \u00e0 n'importe quel int\u00e9rieur et cr\u00e9e une ambiance douce.","og_url":"https:\/\/deenswonen.nl\/fr\/produit\/iittala-alvar-aalto-photophore-bleu-clair-kopie\/","og_site_name":"Vie danoise","article_modified_time":"2023-12-19T23:05:11+00:00","og_image":[{"width":1024,"height":768,"url":"https:\/\/i0.wp.com\/deenswonen.nl\/wp-content\/uploads\/2023\/12\/23173900-2C10-4C7A-801E-B5D493263988_1_105_c-kopieren.jpg?fit=1024%2C768&ssl=1","type":"image\/jpeg"}],"twitter_card":"summary_large_image","twitter_misc":{"Dur\u00e9e de lecture estim\u00e9e":"2 minutes"},"schema":{"@context":"https:\/\/schema.org","@graph":[{"@type":"WebPage","@id":"https:\/\/deenswonen.nl\/fr\/produit\/iittala-alvar-aalto-photophore-bleu-clair-kopie\/","url":"https:\/\/deenswonen.nl\/fr\/produit\/iittala-alvar-aalto-photophore-bleu-clair-kopie\/","name":"Iittala Alvar Aalto photophore transparent - vie danoise","isPartOf":{"@id":"https:\/\/deenswonen.nl\/fr\/#website"},"primaryImageOfPage":{"@id":"https:\/\/deenswonen.nl\/fr\/produit\/iittala-alvar-aalto-photophore-bleu-clair-kopie\/#primaryimage"},"image":{"@id":"https:\/\/deenswonen.nl\/fr\/produit\/iittala-alvar-aalto-photophore-bleu-clair-kopie\/#primaryimage"},"thumbnailUrl":"https:\/\/i0.wp.com\/deenswonen.nl\/wp-content\/uploads\/2023\/12\/23173900-2C10-4C7A-801E-B5D493263988_1_105_c-kopieren.jpg?fit=1024%2C768&ssl=1","datePublished":"2023-12-07T15:05:08+00:00","dateModified":"2023-12-19T23:05:11+00:00","description":"L'\u00e9l\u00e9gant porte-bougie Iittala Aalto transparent ajoute un \u00e9l\u00e9ment saisissant \u00e0 n'importe quel int\u00e9rieur et cr\u00e9e une ambiance douce.","breadcrumb":{"@id":"https:\/\/deenswonen.nl\/fr\/produit\/iittala-alvar-aalto-photophore-bleu-clair-kopie\/#breadcrumb"},"inLanguage":"fr-FR","potentialAction":[{"@type":"ReadAction","target":["https:\/\/deenswonen.nl\/fr\/produit\/iittala-alvar-aalto-photophore-bleu-clair-kopie\/"]}]},{"@type":"ImageObject","inLanguage":"fr-FR","@id":"https:\/\/deenswonen.nl\/fr\/produit\/iittala-alvar-aalto-photophore-bleu-clair-kopie\/#primaryimage","url":"https:\/\/i0.wp.com\/deenswonen.nl\/wp-content\/uploads\/2023\/12\/23173900-2C10-4C7A-801E-B5D493263988_1_105_c-kopieren.jpg?fit=1024%2C768&ssl=1","contentUrl":"https:\/\/i0.wp.com\/deenswonen.nl\/wp-content\/uploads\/2023\/12\/23173900-2C10-4C7A-801E-B5D493263988_1_105_c-kopieren.jpg?fit=1024%2C768&ssl=1","width":1024,"height":768,"caption":"Iittala Alvar Aalto waxinelichthouder transparant"},{"@type":"BreadcrumbList","@id":"https:\/\/deenswonen.nl\/fr\/produit\/iittala-alvar-aalto-photophore-bleu-clair-kopie\/#breadcrumb","itemListElement":[{"@type":"ListItem","position":1,"name":"Home","item":"https:\/\/deenswonen.nl\/fr\/"},{"@type":"ListItem","position":2,"name":"Winkel","item":"https:\/\/deenswonen.nl\/winkel\/"},{"@type":"ListItem","position":3,"name":"Iittala Alvar Aalto photophore transparent"}]},{"@type":"WebSite","@id":"https:\/\/deenswonen.nl\/fr\/#website","url":"https:\/\/deenswonen.nl\/fr\/","name":"Deens wonen","description":"Accessoires de maison vintage scandinaves","publisher":{"@id":"https:\/\/deenswonen.nl\/fr\/#organization"},"potentialAction":[{"@type":"SearchAction","target":{"@type":"EntryPoint","urlTemplate":"https:\/\/deenswonen.nl\/fr\/?s={search_term_string}"},"query-input":{"@type":"PropertyValueSpecification","valueRequired":true,"valueName":"search_term_string"}}],"inLanguage":"fr-FR"},{"@type":"Organization","@id":"https:\/\/deenswonen.nl\/fr\/#organization","name":"Vie danoise","url":"https:\/\/deenswonen.nl\/fr\/","logo":{"@type":"ImageObject","inLanguage":"fr-FR","@id":"https:\/\/deenswonen.nl\/fr\/#\/schema\/logo\/image\/","url":"https:\/\/i0.wp.com\/deenswonen.nl\/wp-content\/uploads\/2021\/11\/51ECE736-8380-4D65-ACA6-DE74174F3C35_1_201_a.jpeg?fit=1200%2C675&ssl=1","contentUrl":"https:\/\/i0.wp.com\/deenswonen.nl\/wp-content\/uploads\/2021\/11\/51ECE736-8380-4D65-ACA6-DE74174F3C35_1_201_a.jpeg?fit=1200%2C675&ssl=1","width":1200,"height":675,"caption":"Vie danoise"},"image":{"@id":"https:\/\/deenswonen.nl\/fr\/#\/schema\/logo\/image\/"}}]}},"jetpack_sharing_enabled":true,"_links":{"self":[{"href":"https:\/\/deenswonen.nl\/fr\/wp-json\/wp\/v2\/product\/13815","targetHints":{"allow":["GET"]}}],"collection":[{"href":"https:\/\/deenswonen.nl\/fr\/wp-json\/wp\/v2\/product"}],"about":[{"href":"https:\/\/deenswonen.nl\/fr\/wp-json\/wp\/v2\/types\/product"}],"wp:featuredmedia":[{"embeddable":true,"href":"https:\/\/deenswonen.nl\/fr\/wp-json\/wp\/v2\/media\/13824"}],"wp:attachment":[{"href":"https:\/\/deenswonen.nl\/fr\/wp-json\/wp\/v2\/media?parent=13815"}],"wp:term":[{"taxonomy":"product_brand","embeddable":true,"href":"https:\/\/deenswonen.nl\/fr\/wp-json\/wp\/v2\/product_brand?post=13815"},{"taxonomy":"product_cat","embeddable":true,"href":"https:\/\/deenswonen.nl\/fr\/wp-json\/wp\/v2\/product_cat?post=13815"},{"taxonomy":"product_tag","embeddable":true,"href":"https:\/\/deenswonen.nl\/fr\/wp-json\/wp\/v2\/product_tag?post=13815"}],"curies":[{"name":"wp","href":"https:\/\/api.w.org\/{rel}","templated":true}]}}