{"id":4526,"date":"2022-04-12T10:02:06","date_gmt":"2022-04-12T08:02:06","guid":{"rendered":"https:\/\/deenswonen.nl\/?post_type=product&#038;p=4526"},"modified":"2024-03-02T21:41:05","modified_gmt":"2024-03-02T20:41:05","slug":"stelton-reflektion-kerzenhalter-23-cm","status":"publish","type":"product","link":"https:\/\/deenswonen.nl\/de\/produkt\/stelton-reflektion-kerzenhalter-23-cm\/","title":{"rendered":"Stelton Reflexionskerzenhalter 23 cm"},"content":{"rendered":"<div class=\"description-action-box-text\">\n<h2 dir=\"ltr\" data-placeholder=\"Vertaling\">Stelton Reflection Kerzenhalter aus hochglanzpoliertem Edelstahl<\/h2>\n<p id=\"tw-target-text\" class=\"tw-data-text tw-text-large XcVN5d tw-ta\" dir=\"ltr\" data-placeholder=\"Vertaling\">Schaffen Sie Atmosph\u00e4re in Ihrem Zuhause mit den neuen Reflection-Kerzenhaltern von Stelton. Diese neuen, schlanken und stilvollen Kerzenst\u00e4nder vervollst\u00e4ndigen Ihren gedeckten Tisch. Das d\u00e4nische Architektenduo Halskov &amp; Dalsgaard hat diesen Kerzenhalter f\u00fcr Stelton entworfen. Dieser Kerzenst\u00e4nder ist aus hochglanzpoliertem Edelstahl gefertigt, zudem sind die Kerzenst\u00e4nder in zwei H\u00f6hen und drei verschiedenen Materialausf\u00fchrungen erh\u00e4ltlich. Die polierte Oberfl\u00e4che sorgt f\u00fcr eine sch\u00f6ne Reflexion des Lichts. Platzieren Sie zum Beispiel eine lange Reihe Kerzenhalter in der Mitte des Esstisches f\u00fcr eine kleine Lichtshow. Dieses Design wird auch als d\u00e4nische Moderne 2.0 bezeichnet.<\/p>\n<\/div>\n<h2 dir=\"ltr\" data-placeholder=\"Vertaling\">Reflexions kerzenhalter<\/h2>\n<p class=\"tw-data-text tw-text-large XcVN5d tw-ta\" dir=\"ltr\" data-placeholder=\"Vertaling\"><span lang=\"nl\">Die Stelton Reflection Kerzenhalter bringen im Handumdrehen festliche Stimmung in die eigenen vier W\u00e4nde. <\/span>Das Designerduo Halskov &amp; Dalsgaard hat einen schlichten, organischen und fast feminin wirkenden Kerzenhalter geschaffen. Zudem reflektiert die polierte Oberfl\u00e4che der Kerzenhalter das Licht und erzeugt ein bezauberndes Funkeln.<\/p>\n<div class=\"description-action-box-text\">\n<h2>Spezifikation Stelton Reflection Kerzenhalter<\/h2>\n<p class=\"tw-data-text tw-text-large XcVN5d tw-ta\" dir=\"ltr\" data-placeholder=\"Vertaling\"><span lang=\"nl\">Dieser sch\u00f6ne Kerzenhalter ist in neuwertigem Zustand.<\/span><\/p>\n<p class=\"tw-data-text tw-text-large XcVN5d tw-ta\" dir=\"ltr\" data-placeholder=\"Vertaling\"><span lang=\"nl\"> Der Kerzenhalter hat den Stelton-Stempel auf der Unterseite. <\/span><\/p>\n<p>Die Ma\u00dfe dieses Leuchters sind:<\/p>\n<ul>\n<li>H\u00f6he 23 cm.<\/li>\n<li>Durchmesser 6 cm<\/li>\n<\/ul>\n<\/div>\n<h2>Geschichte Stelton<\/h2>\n<p id=\"tw-target-text\" class=\"tw-data-text tw-text-large XcVN5d tw-ta\" dir=\"ltr\" data-placeholder=\"Vertaling\"><span lang=\"nl\">Stellan und Carton haben eine der bekanntesten Designmarken D\u00e4nemarks geschaffen: Stelton. Der Name entstand durch die Verschmelzung ihrer Vornamen. <\/span><span lang=\"nl\">Das Handelsunternehmen verkaufte urspr\u00fcnglich<\/span><span lang=\"nl\">Sportschuhe und M\u00f6bel, aber die L\u00e4den kamen richtig in Fahrt, als sie von einer kleinen Fabrik namens \u201eDansk Rustfrit\u201c in F\u00e5revejle in D\u00e4nemark h\u00f6rten.<\/span><\/p>\n<p id=\"tw-target-text\" class=\"tw-data-text tw-text-large XcVN5d tw-ta\" dir=\"ltr\" data-placeholder=\"Vertaling\"><span lang=\"nl\">Dansk Rustfrit produziert beliebte Servierteile aus Edelstahl. Nach Abschluss einer Vereinbarung mit Dansk Rustfrit begann Stelton mit der Vermarktung einer Saucensch\u00fcssel aus Edelstahl. Diese So\u00dfenschale ging in den d\u00e4nischen Baum\u00e4rkten wie warme Semmeln weg und die Schalen wurden auch au\u00dferhalb D\u00e4nemarks ein gro\u00dfer Erfolg. Seitdem hat sich Stelton zu einer der bekanntesten Designmarken D\u00e4nemarks entwickelt.<\/span><\/p>\n<p>M\u00f6glicherweise haben wir auch andere Stelton-Produkte<a href=\"https:\/\/deenswonen.nl\/product-categorie\/merken\/stelton\/\">auf Lager.<\/a><\/p>\n<p>Der Kerzenhalter wird sorgf\u00e4ltig verpackt und mit Post NL versendet. Es ist auch m\u00f6glich, nach Vereinbarung in Berkel en Rodenrijs abzuholen.<\/p>\n","protected":false},"excerpt":{"rendered":"<p>Schaffen Sie Atmosph\u00e4re in Ihrem Zuhause mit den neuen Reflection-Kerzenhaltern von Stelton. Diese neuen, schlanken und stilvollen Kerzenst\u00e4nder vervollst\u00e4ndigen Ihren gedeckten Tisch.<\/p>\n<p>&nbsp;<\/p>\n<ul>\n<li><strong>Skandinavisches Design<\/strong><\/li>\n<li><strong>Weltweiter Versand<\/strong><\/li>\n<li><strong>14 Tage Bedenkzeit<\/strong><\/li>\n<\/ul>\n","protected":false},"featured_media":4540,"template":"","meta":[],"product_brand":[],"product_cat":[164,168,156,148],"product_tag":[],"class_list":{"0":"post-4526","1":"product","2":"type-product","3":"status-publish","4":"has-post-thumbnail","6":"product_cat-bestseller","7":"product_cat-kerzenleuchter","8":"product_cat-neu-eingetroffen","9":"product_cat-stelton-de","10":"thunk-woo-product-list","11":"opn-qv-enable","12":"top-store-woo-hover-swap","13":"top-store-single-product-tab-horizontal","14":"top-store-shadow-","15":"top-store-shadow-hover-","16":"top-store-swap-item-hover","18":"first","19":"outofstock","20":"taxable","21":"shipping-taxable","22":"purchasable","23":"product-type-simple"},"yoast_head":"<!-- This site is optimized with the Yoast SEO plugin v27.3 - https:\/\/yoast.com\/product\/yoast-seo-wordpress\/ -->\n<title>Stelton Reflexionskerzenhalter 23 cm - D\u00e4nisch lebend<\/title>\n<meta name=\"description\" content=\"Der Reflection Tischkerzenhalter wurde vom d\u00e4nischen Architektenduo Halskov &amp; Dalsgaard f\u00fcr Stelton entworfen.\" \/>\n<meta name=\"robots\" content=\"index, follow, max-snippet:-1, max-image-preview:large, max-video-preview:-1\" \/>\n<link rel=\"canonical\" href=\"https:\/\/deenswonen.nl\/de\/produkt\/stelton-reflektion-kerzenhalter-23-cm\/\" \/>\n<meta property=\"og:locale\" content=\"de_DE\" \/>\n<meta property=\"og:type\" content=\"article\" \/>\n<meta property=\"og:title\" content=\"Stelton Reflexionskerzenhalter 23 cm - D\u00e4nisch lebend\" \/>\n<meta property=\"og:description\" content=\"Der Reflection Tischkerzenhalter wurde vom d\u00e4nischen Architektenduo Halskov &amp; Dalsgaard f\u00fcr Stelton entworfen.\" \/>\n<meta property=\"og:url\" content=\"https:\/\/deenswonen.nl\/de\/produkt\/stelton-reflektion-kerzenhalter-23-cm\/\" \/>\n<meta property=\"og:site_name\" content=\"D\u00e4nisch leben\" \/>\n<meta property=\"article:modified_time\" content=\"2024-03-02T20:41:05+00:00\" \/>\n<meta property=\"og:image\" content=\"https:\/\/deenswonen.nl\/wp-content\/uploads\/2022\/04\/3DE2129A-3C50-463D-8528-AA8DE57F3AC9.jpeg\" \/>\n\t<meta property=\"og:image:width\" content=\"480\" \/>\n\t<meta property=\"og:image:height\" content=\"640\" \/>\n\t<meta property=\"og:image:type\" content=\"image\/jpeg\" \/>\n<meta name=\"twitter:card\" content=\"summary_large_image\" \/>\n<meta name=\"twitter:label1\" content=\"Gesch\u00e4tzte Lesezeit\" \/>\n\t<meta name=\"twitter:data1\" content=\"2\u00a0Minuten\" \/>\n<script type=\"application\/ld+json\" class=\"yoast-schema-graph\">{\"@context\":\"https:\\\/\\\/schema.org\",\"@graph\":[{\"@type\":\"WebPage\",\"@id\":\"https:\\\/\\\/deenswonen.nl\\\/de\\\/produkt\\\/stelton-reflektion-kerzenhalter-23-cm\\\/\",\"url\":\"https:\\\/\\\/deenswonen.nl\\\/de\\\/produkt\\\/stelton-reflektion-kerzenhalter-23-cm\\\/\",\"name\":\"Stelton Reflexionskerzenhalter 23 cm - D\u00e4nisch lebend\",\"isPartOf\":{\"@id\":\"https:\\\/\\\/deenswonen.nl\\\/de\\\/#website\"},\"primaryImageOfPage\":{\"@id\":\"https:\\\/\\\/deenswonen.nl\\\/de\\\/produkt\\\/stelton-reflektion-kerzenhalter-23-cm\\\/#primaryimage\"},\"image\":{\"@id\":\"https:\\\/\\\/deenswonen.nl\\\/de\\\/produkt\\\/stelton-reflektion-kerzenhalter-23-cm\\\/#primaryimage\"},\"thumbnailUrl\":\"https:\\\/\\\/i0.wp.com\\\/deenswonen.nl\\\/wp-content\\\/uploads\\\/2022\\\/04\\\/3DE2129A-3C50-463D-8528-AA8DE57F3AC9.jpeg?fit=480%2C640&ssl=1\",\"datePublished\":\"2022-04-12T08:02:06+00:00\",\"dateModified\":\"2024-03-02T20:41:05+00:00\",\"description\":\"Der Reflection Tischkerzenhalter wurde vom d\u00e4nischen Architektenduo Halskov & Dalsgaard f\u00fcr Stelton entworfen.\",\"breadcrumb\":{\"@id\":\"https:\\\/\\\/deenswonen.nl\\\/de\\\/produkt\\\/stelton-reflektion-kerzenhalter-23-cm\\\/#breadcrumb\"},\"inLanguage\":\"de\",\"potentialAction\":[{\"@type\":\"ReadAction\",\"target\":[\"https:\\\/\\\/deenswonen.nl\\\/de\\\/produkt\\\/stelton-reflektion-kerzenhalter-23-cm\\\/\"]}]},{\"@type\":\"ImageObject\",\"inLanguage\":\"de\",\"@id\":\"https:\\\/\\\/deenswonen.nl\\\/de\\\/produkt\\\/stelton-reflektion-kerzenhalter-23-cm\\\/#primaryimage\",\"url\":\"https:\\\/\\\/i0.wp.com\\\/deenswonen.nl\\\/wp-content\\\/uploads\\\/2022\\\/04\\\/3DE2129A-3C50-463D-8528-AA8DE57F3AC9.jpeg?fit=480%2C640&ssl=1\",\"contentUrl\":\"https:\\\/\\\/i0.wp.com\\\/deenswonen.nl\\\/wp-content\\\/uploads\\\/2022\\\/04\\\/3DE2129A-3C50-463D-8528-AA8DE57F3AC9.jpeg?fit=480%2C640&ssl=1\",\"width\":480,\"height\":640,\"caption\":\"Afbeelding van de Stelton Reflex kandelaar die in deze advertentie wordt aangeboden.\"},{\"@type\":\"BreadcrumbList\",\"@id\":\"https:\\\/\\\/deenswonen.nl\\\/de\\\/produkt\\\/stelton-reflektion-kerzenhalter-23-cm\\\/#breadcrumb\",\"itemListElement\":[{\"@type\":\"ListItem\",\"position\":1,\"name\":\"Home\",\"item\":\"https:\\\/\\\/deenswonen.nl\\\/de\\\/daenisch-leben\\\/\"},{\"@type\":\"ListItem\",\"position\":2,\"name\":\"Winkel\",\"item\":\"https:\\\/\\\/deenswonen.nl\\\/winkel\\\/\"},{\"@type\":\"ListItem\",\"position\":3,\"name\":\"Stelton Reflexionskerzenhalter 23 cm\"}]},{\"@type\":\"WebSite\",\"@id\":\"https:\\\/\\\/deenswonen.nl\\\/de\\\/#website\",\"url\":\"https:\\\/\\\/deenswonen.nl\\\/de\\\/\",\"name\":\"Deens wonen\",\"description\":\"Vintage skandinavische Wohnaccessoires\",\"publisher\":{\"@id\":\"https:\\\/\\\/deenswonen.nl\\\/de\\\/#organization\"},\"potentialAction\":[{\"@type\":\"SearchAction\",\"target\":{\"@type\":\"EntryPoint\",\"urlTemplate\":\"https:\\\/\\\/deenswonen.nl\\\/de\\\/?s={search_term_string}\"},\"query-input\":{\"@type\":\"PropertyValueSpecification\",\"valueRequired\":true,\"valueName\":\"search_term_string\"}}],\"inLanguage\":\"de\"},{\"@type\":\"Organization\",\"@id\":\"https:\\\/\\\/deenswonen.nl\\\/de\\\/#organization\",\"name\":\"D\u00e4nisch leben\",\"url\":\"https:\\\/\\\/deenswonen.nl\\\/de\\\/\",\"logo\":{\"@type\":\"ImageObject\",\"inLanguage\":\"de\",\"@id\":\"https:\\\/\\\/deenswonen.nl\\\/de\\\/#\\\/schema\\\/logo\\\/image\\\/\",\"url\":\"https:\\\/\\\/i0.wp.com\\\/deenswonen.nl\\\/wp-content\\\/uploads\\\/2021\\\/11\\\/51ECE736-8380-4D65-ACA6-DE74174F3C35_1_201_a.jpeg?fit=1200%2C675&ssl=1\",\"contentUrl\":\"https:\\\/\\\/i0.wp.com\\\/deenswonen.nl\\\/wp-content\\\/uploads\\\/2021\\\/11\\\/51ECE736-8380-4D65-ACA6-DE74174F3C35_1_201_a.jpeg?fit=1200%2C675&ssl=1\",\"width\":1200,\"height\":675,\"caption\":\"D\u00e4nisch leben\"},\"image\":{\"@id\":\"https:\\\/\\\/deenswonen.nl\\\/de\\\/#\\\/schema\\\/logo\\\/image\\\/\"}}]}<\/script>\n<!-- \/ Yoast SEO plugin. -->","yoast_head_json":{"title":"Stelton Reflexionskerzenhalter 23 cm - D\u00e4nisch lebend","description":"Der Reflection Tischkerzenhalter wurde vom d\u00e4nischen Architektenduo Halskov & Dalsgaard f\u00fcr Stelton entworfen.","robots":{"index":"index","follow":"follow","max-snippet":"max-snippet:-1","max-image-preview":"max-image-preview:large","max-video-preview":"max-video-preview:-1"},"canonical":"https:\/\/deenswonen.nl\/de\/produkt\/stelton-reflektion-kerzenhalter-23-cm\/","og_locale":"de_DE","og_type":"article","og_title":"Stelton Reflexionskerzenhalter 23 cm - D\u00e4nisch lebend","og_description":"Der Reflection Tischkerzenhalter wurde vom d\u00e4nischen Architektenduo Halskov & Dalsgaard f\u00fcr Stelton entworfen.","og_url":"https:\/\/deenswonen.nl\/de\/produkt\/stelton-reflektion-kerzenhalter-23-cm\/","og_site_name":"D\u00e4nisch leben","article_modified_time":"2024-03-02T20:41:05+00:00","og_image":[{"width":480,"height":640,"url":"https:\/\/deenswonen.nl\/wp-content\/uploads\/2022\/04\/3DE2129A-3C50-463D-8528-AA8DE57F3AC9.jpeg","type":"image\/jpeg"}],"twitter_card":"summary_large_image","twitter_misc":{"Gesch\u00e4tzte Lesezeit":"2\u00a0Minuten"},"schema":{"@context":"https:\/\/schema.org","@graph":[{"@type":"WebPage","@id":"https:\/\/deenswonen.nl\/de\/produkt\/stelton-reflektion-kerzenhalter-23-cm\/","url":"https:\/\/deenswonen.nl\/de\/produkt\/stelton-reflektion-kerzenhalter-23-cm\/","name":"Stelton Reflexionskerzenhalter 23 cm - D\u00e4nisch lebend","isPartOf":{"@id":"https:\/\/deenswonen.nl\/de\/#website"},"primaryImageOfPage":{"@id":"https:\/\/deenswonen.nl\/de\/produkt\/stelton-reflektion-kerzenhalter-23-cm\/#primaryimage"},"image":{"@id":"https:\/\/deenswonen.nl\/de\/produkt\/stelton-reflektion-kerzenhalter-23-cm\/#primaryimage"},"thumbnailUrl":"https:\/\/i0.wp.com\/deenswonen.nl\/wp-content\/uploads\/2022\/04\/3DE2129A-3C50-463D-8528-AA8DE57F3AC9.jpeg?fit=480%2C640&ssl=1","datePublished":"2022-04-12T08:02:06+00:00","dateModified":"2024-03-02T20:41:05+00:00","description":"Der Reflection Tischkerzenhalter wurde vom d\u00e4nischen Architektenduo Halskov & Dalsgaard f\u00fcr Stelton entworfen.","breadcrumb":{"@id":"https:\/\/deenswonen.nl\/de\/produkt\/stelton-reflektion-kerzenhalter-23-cm\/#breadcrumb"},"inLanguage":"de","potentialAction":[{"@type":"ReadAction","target":["https:\/\/deenswonen.nl\/de\/produkt\/stelton-reflektion-kerzenhalter-23-cm\/"]}]},{"@type":"ImageObject","inLanguage":"de","@id":"https:\/\/deenswonen.nl\/de\/produkt\/stelton-reflektion-kerzenhalter-23-cm\/#primaryimage","url":"https:\/\/i0.wp.com\/deenswonen.nl\/wp-content\/uploads\/2022\/04\/3DE2129A-3C50-463D-8528-AA8DE57F3AC9.jpeg?fit=480%2C640&ssl=1","contentUrl":"https:\/\/i0.wp.com\/deenswonen.nl\/wp-content\/uploads\/2022\/04\/3DE2129A-3C50-463D-8528-AA8DE57F3AC9.jpeg?fit=480%2C640&ssl=1","width":480,"height":640,"caption":"Afbeelding van de Stelton Reflex kandelaar die in deze advertentie wordt aangeboden."},{"@type":"BreadcrumbList","@id":"https:\/\/deenswonen.nl\/de\/produkt\/stelton-reflektion-kerzenhalter-23-cm\/#breadcrumb","itemListElement":[{"@type":"ListItem","position":1,"name":"Home","item":"https:\/\/deenswonen.nl\/de\/daenisch-leben\/"},{"@type":"ListItem","position":2,"name":"Winkel","item":"https:\/\/deenswonen.nl\/winkel\/"},{"@type":"ListItem","position":3,"name":"Stelton Reflexionskerzenhalter 23 cm"}]},{"@type":"WebSite","@id":"https:\/\/deenswonen.nl\/de\/#website","url":"https:\/\/deenswonen.nl\/de\/","name":"Deens wonen","description":"Vintage skandinavische Wohnaccessoires","publisher":{"@id":"https:\/\/deenswonen.nl\/de\/#organization"},"potentialAction":[{"@type":"SearchAction","target":{"@type":"EntryPoint","urlTemplate":"https:\/\/deenswonen.nl\/de\/?s={search_term_string}"},"query-input":{"@type":"PropertyValueSpecification","valueRequired":true,"valueName":"search_term_string"}}],"inLanguage":"de"},{"@type":"Organization","@id":"https:\/\/deenswonen.nl\/de\/#organization","name":"D\u00e4nisch leben","url":"https:\/\/deenswonen.nl\/de\/","logo":{"@type":"ImageObject","inLanguage":"de","@id":"https:\/\/deenswonen.nl\/de\/#\/schema\/logo\/image\/","url":"https:\/\/i0.wp.com\/deenswonen.nl\/wp-content\/uploads\/2021\/11\/51ECE736-8380-4D65-ACA6-DE74174F3C35_1_201_a.jpeg?fit=1200%2C675&ssl=1","contentUrl":"https:\/\/i0.wp.com\/deenswonen.nl\/wp-content\/uploads\/2021\/11\/51ECE736-8380-4D65-ACA6-DE74174F3C35_1_201_a.jpeg?fit=1200%2C675&ssl=1","width":1200,"height":675,"caption":"D\u00e4nisch leben"},"image":{"@id":"https:\/\/deenswonen.nl\/de\/#\/schema\/logo\/image\/"}}]}},"jetpack_sharing_enabled":true,"_links":{"self":[{"href":"https:\/\/deenswonen.nl\/de\/wp-json\/wp\/v2\/product\/4526","targetHints":{"allow":["GET"]}}],"collection":[{"href":"https:\/\/deenswonen.nl\/de\/wp-json\/wp\/v2\/product"}],"about":[{"href":"https:\/\/deenswonen.nl\/de\/wp-json\/wp\/v2\/types\/product"}],"wp:featuredmedia":[{"embeddable":true,"href":"https:\/\/deenswonen.nl\/de\/wp-json\/wp\/v2\/media\/4540"}],"wp:attachment":[{"href":"https:\/\/deenswonen.nl\/de\/wp-json\/wp\/v2\/media?parent=4526"}],"wp:term":[{"taxonomy":"product_brand","embeddable":true,"href":"https:\/\/deenswonen.nl\/de\/wp-json\/wp\/v2\/product_brand?post=4526"},{"taxonomy":"product_cat","embeddable":true,"href":"https:\/\/deenswonen.nl\/de\/wp-json\/wp\/v2\/product_cat?post=4526"},{"taxonomy":"product_tag","embeddable":true,"href":"https:\/\/deenswonen.nl\/de\/wp-json\/wp\/v2\/product_tag?post=4526"}],"curies":[{"name":"wp","href":"https:\/\/api.w.org\/{rel}","templated":true}]}}