{"id":4057,"date":"2021-11-05T16:34:16","date_gmt":"2021-11-05T15:34:16","guid":{"rendered":"https:\/\/deenswonen.nl\/product\/iittala-festivo-kerzenhalter-120-mm\/"},"modified":"2023-04-16T11:08:32","modified_gmt":"2023-04-16T09:08:32","slug":"iittala-festivo-kerzenhalter-120-mm","status":"publish","type":"product","link":"https:\/\/deenswonen.nl\/de\/produkt\/iittala-festivo-kerzenhalter-120-mm\/","title":{"rendered":"Iittala Festivo Kerzenhalter 120 mm"},"content":{"rendered":"<p>Der Iittala Festivo Kerzenhalter 120 mm des K\u00fcnstlers Timo Sarpaneva wurde unmittelbar nach seiner Einf\u00fchrung im Jahr 1967 zum Welthit. In den folgenden Jahrzehnten wurde der Kerzenhalter zu einem festen Bestandteil des modernen finnischen Designs. Das Glasobjekt mit seiner rauen Oberfl\u00e4che, die wie Eis aussieht, f\u00fcgt jedem Interieur ein einzigartiges und elegantes Element hinzu. Die Karzenhalter gibt es in verschiedenen Gr\u00f6\u00dfen und sie sind einzeln oder in der Gruppe eine Augenweide.<\/p>\n<p>Der 120 mm hohe und elegante Iittala Festivo Kerzenhalter f\u00fcgt jedem Interieur ein markantes Element hinzu. Erzeugt ein weiches Ambiente. Ein perfektes Geschenk f\u00fcr Hochzeiten, Jubil\u00e4en oder Geburtstage. Der Kerzenhalter ist nur f\u00fcr Spitzkerzen geeignet.<\/p>\n<h2>Design Kerzenhalter von <span lang=\"nl\">Iittala Festivo<\/span> <\/h2>\n<p>Timo Sarpaneva hat den Festivo Kerzenhalter urspr\u00fcnglich als Weinglas f\u00fcr sich selbst entworfen. Der Inhalt einer ganzen Flasche Wein musste in ein einziges Glas passen. Das Ergebnis war ein eisiges Glas mit grober Struktur, dessen Kelch und Fu\u00df getrennt voneinander geblasen wurden. Als in der Manufaktur die F\u00fc\u00dfe der Gl\u00e4ser von den Kelchen getrennt wurden, entstand die Idee, sie als Kerzenst\u00e4nder zu verwenden \u2013 somit war der Prototyp eines neuen Klassikers geboren. Die Festivo-Serie wird seit 1967 hergestellt und ist zu Recht eine Ikone im finnischen Interieur.<\/p>\n<h2 id=\"tw-target-text\" class=\"tw-data-text tw-text-large XcVN5d tw-ta\" dir=\"ltr\" data-placeholder=\"Vertaling\"><span lang=\"nl\">Technische Daten Iittala Festivo<\/span><\/h2>\n<p class=\"tw-data-text tw-text-large XcVN5d tw-ta\" dir=\"ltr\" data-placeholder=\"Vertaling\"><span lang=\"nl\">Dieser sch\u00f6ne Kerzenhalter ist in gutem Zustand. Der Kerzenhalter hat keine Besch\u00e4digungen oder Chips. Die H\u00f6he<\/span> <span lang=\"nl\"> ist<\/span><span lang=\"nl\">120 mm hoch und der Kerzenhalter hat zwei Ringe.<\/span><\/p>\n<p>Dieser Windlicht ist ca. 10 Jahre alt, deshalb bitten wir Sie, sich die Fotos genau anzusehen. So erhalten Sie einen guten Eindruck vom Zustand des Leuchters. M\u00f6glicherweise haben wir mehrere Modelle dieser Kerzenhalter <a href=\"https:\/\/deenswonen.nl\/product-categorie\/merken\/iittala\/\">auf Lager.<\/a><\/p>\n<p>Wir versenden alle unsere Produkte sorgf\u00e4ltig verpackt. Unsere Produkte k\u00f6nnen auch nach Vereinbarung in Berkel en Rodenrijs abgeholt werden.<\/p>\n","protected":false},"excerpt":{"rendered":"<p>Der Iittala Festivo 80 mm Kerzenhalter des K\u00fcnstlers Timo Sarpaneva wurde unmittelbar nach seiner Einf\u00fchrung im Jahr 1967 zu einem weltweiten Hit.<\/p>\n<p>&nbsp;<\/p>\n<ul>\n<li><strong>Skandinavisches Design<\/strong><\/li>\n<li><strong>Weltweiter Versand<\/strong><\/li>\n<li><strong>14 Tage Bedenkzeit<\/strong><\/li>\n<\/ul>\n","protected":false},"featured_media":1956,"template":"","meta":[],"product_brand":[],"product_cat":[164,100,168,156],"product_tag":[],"class_list":{"0":"post-4057","1":"product","2":"type-product","3":"status-publish","4":"has-post-thumbnail","6":"product_cat-bestseller","7":"product_cat-iittala-de","8":"product_cat-kerzenleuchter","9":"product_cat-neu-eingetroffen","10":"thunk-woo-product-list","11":"opn-qv-enable","12":"top-store-woo-hover-swap","13":"top-store-single-product-tab-horizontal","14":"top-store-shadow-","15":"top-store-shadow-hover-","17":"first","18":"instock","19":"taxable","20":"shipping-taxable","21":"purchasable","22":"product-type-simple"},"yoast_head":"<!-- This site is optimized with the Yoast SEO plugin v27.3 - https:\/\/yoast.com\/product\/yoast-seo-wordpress\/ -->\n<title>Iittala Festivo Kerzenhalter 120 mm - D\u00e4nisch leben<\/title>\n<meta name=\"description\" content=\"Der 120 mm hohe und elegante Iittala Festivo Kerzenhalter f\u00fcgt jedem Interieur ein markantes Element hinzu. Erzeugt ein weiches Ambiente.\" \/>\n<meta name=\"robots\" content=\"index, follow, max-snippet:-1, max-image-preview:large, max-video-preview:-1\" \/>\n<link rel=\"canonical\" href=\"https:\/\/deenswonen.nl\/de\/produkt\/iittala-festivo-kerzenhalter-120-mm\/\" \/>\n<meta property=\"og:locale\" content=\"de_DE\" \/>\n<meta property=\"og:type\" content=\"article\" \/>\n<meta property=\"og:title\" content=\"Iittala Festivo Kerzenhalter 120 mm - D\u00e4nisch leben\" \/>\n<meta property=\"og:description\" content=\"Der 120 mm hohe und elegante Iittala Festivo Kerzenhalter f\u00fcgt jedem Interieur ein markantes Element hinzu. Erzeugt ein weiches Ambiente.\" \/>\n<meta property=\"og:url\" content=\"https:\/\/deenswonen.nl\/de\/produkt\/iittala-festivo-kerzenhalter-120-mm\/\" \/>\n<meta property=\"og:site_name\" content=\"D\u00e4nisch leben\" \/>\n<meta property=\"article:modified_time\" content=\"2023-04-16T09:08:32+00:00\" \/>\n<meta property=\"og:image\" content=\"https:\/\/deenswonen.nl\/wp-content\/uploads\/2021\/11\/32A3730B-4F72-4900-AD21-CC8A744EA6F6_1_201_a-scaled.jpeg\" \/>\n\t<meta property=\"og:image:width\" content=\"1919\" \/>\n\t<meta property=\"og:image:height\" content=\"2560\" \/>\n\t<meta property=\"og:image:type\" content=\"image\/jpeg\" \/>\n<meta name=\"twitter:card\" content=\"summary_large_image\" \/>\n<meta name=\"twitter:label1\" content=\"Gesch\u00e4tzte Lesezeit\" \/>\n\t<meta name=\"twitter:data1\" content=\"1\u00a0Minute\" \/>\n<script type=\"application\/ld+json\" class=\"yoast-schema-graph\">{\"@context\":\"https:\\\/\\\/schema.org\",\"@graph\":[{\"@type\":\"WebPage\",\"@id\":\"https:\\\/\\\/deenswonen.nl\\\/de\\\/produkt\\\/iittala-festivo-kerzenhalter-120-mm\\\/\",\"url\":\"https:\\\/\\\/deenswonen.nl\\\/de\\\/produkt\\\/iittala-festivo-kerzenhalter-120-mm\\\/\",\"name\":\"Iittala Festivo Kerzenhalter 120 mm - D\u00e4nisch leben\",\"isPartOf\":{\"@id\":\"https:\\\/\\\/deenswonen.nl\\\/de\\\/#website\"},\"primaryImageOfPage\":{\"@id\":\"https:\\\/\\\/deenswonen.nl\\\/de\\\/produkt\\\/iittala-festivo-kerzenhalter-120-mm\\\/#primaryimage\"},\"image\":{\"@id\":\"https:\\\/\\\/deenswonen.nl\\\/de\\\/produkt\\\/iittala-festivo-kerzenhalter-120-mm\\\/#primaryimage\"},\"thumbnailUrl\":\"https:\\\/\\\/i0.wp.com\\\/deenswonen.nl\\\/wp-content\\\/uploads\\\/2021\\\/11\\\/32A3730B-4F72-4900-AD21-CC8A744EA6F6_1_201_a-scaled.jpeg?fit=1919%2C2560&ssl=1\",\"datePublished\":\"2021-11-05T15:34:16+00:00\",\"dateModified\":\"2023-04-16T09:08:32+00:00\",\"description\":\"Der 120 mm hohe und elegante Iittala Festivo Kerzenhalter f\u00fcgt jedem Interieur ein markantes Element hinzu. Erzeugt ein weiches Ambiente.\",\"breadcrumb\":{\"@id\":\"https:\\\/\\\/deenswonen.nl\\\/de\\\/produkt\\\/iittala-festivo-kerzenhalter-120-mm\\\/#breadcrumb\"},\"inLanguage\":\"de\",\"potentialAction\":[{\"@type\":\"ReadAction\",\"target\":[\"https:\\\/\\\/deenswonen.nl\\\/de\\\/produkt\\\/iittala-festivo-kerzenhalter-120-mm\\\/\"]}]},{\"@type\":\"ImageObject\",\"inLanguage\":\"de\",\"@id\":\"https:\\\/\\\/deenswonen.nl\\\/de\\\/produkt\\\/iittala-festivo-kerzenhalter-120-mm\\\/#primaryimage\",\"url\":\"https:\\\/\\\/i0.wp.com\\\/deenswonen.nl\\\/wp-content\\\/uploads\\\/2021\\\/11\\\/32A3730B-4F72-4900-AD21-CC8A744EA6F6_1_201_a-scaled.jpeg?fit=1919%2C2560&ssl=1\",\"contentUrl\":\"https:\\\/\\\/i0.wp.com\\\/deenswonen.nl\\\/wp-content\\\/uploads\\\/2021\\\/11\\\/32A3730B-4F72-4900-AD21-CC8A744EA6F6_1_201_a-scaled.jpeg?fit=1919%2C2560&ssl=1\",\"width\":1919,\"height\":2560,\"caption\":\"Abbildung des in dieser Anzeige angebotenen Iittala Festivo Kerzenhalters 125 mm\"},{\"@type\":\"BreadcrumbList\",\"@id\":\"https:\\\/\\\/deenswonen.nl\\\/de\\\/produkt\\\/iittala-festivo-kerzenhalter-120-mm\\\/#breadcrumb\",\"itemListElement\":[{\"@type\":\"ListItem\",\"position\":1,\"name\":\"Home\",\"item\":\"https:\\\/\\\/deenswonen.nl\\\/de\\\/daenisch-leben\\\/\"},{\"@type\":\"ListItem\",\"position\":2,\"name\":\"Winkel\",\"item\":\"https:\\\/\\\/deenswonen.nl\\\/winkel\\\/\"},{\"@type\":\"ListItem\",\"position\":3,\"name\":\"Iittala Festivo Kerzenhalter 120 mm\"}]},{\"@type\":\"WebSite\",\"@id\":\"https:\\\/\\\/deenswonen.nl\\\/de\\\/#website\",\"url\":\"https:\\\/\\\/deenswonen.nl\\\/de\\\/\",\"name\":\"Deens wonen\",\"description\":\"Vintage skandinavische Wohnaccessoires\",\"publisher\":{\"@id\":\"https:\\\/\\\/deenswonen.nl\\\/de\\\/#organization\"},\"potentialAction\":[{\"@type\":\"SearchAction\",\"target\":{\"@type\":\"EntryPoint\",\"urlTemplate\":\"https:\\\/\\\/deenswonen.nl\\\/de\\\/?s={search_term_string}\"},\"query-input\":{\"@type\":\"PropertyValueSpecification\",\"valueRequired\":true,\"valueName\":\"search_term_string\"}}],\"inLanguage\":\"de\"},{\"@type\":\"Organization\",\"@id\":\"https:\\\/\\\/deenswonen.nl\\\/de\\\/#organization\",\"name\":\"D\u00e4nisch leben\",\"url\":\"https:\\\/\\\/deenswonen.nl\\\/de\\\/\",\"logo\":{\"@type\":\"ImageObject\",\"inLanguage\":\"de\",\"@id\":\"https:\\\/\\\/deenswonen.nl\\\/de\\\/#\\\/schema\\\/logo\\\/image\\\/\",\"url\":\"https:\\\/\\\/i0.wp.com\\\/deenswonen.nl\\\/wp-content\\\/uploads\\\/2021\\\/11\\\/51ECE736-8380-4D65-ACA6-DE74174F3C35_1_201_a.jpeg?fit=1200%2C675&ssl=1\",\"contentUrl\":\"https:\\\/\\\/i0.wp.com\\\/deenswonen.nl\\\/wp-content\\\/uploads\\\/2021\\\/11\\\/51ECE736-8380-4D65-ACA6-DE74174F3C35_1_201_a.jpeg?fit=1200%2C675&ssl=1\",\"width\":1200,\"height\":675,\"caption\":\"D\u00e4nisch leben\"},\"image\":{\"@id\":\"https:\\\/\\\/deenswonen.nl\\\/de\\\/#\\\/schema\\\/logo\\\/image\\\/\"}}]}<\/script>\n<!-- \/ Yoast SEO plugin. -->","yoast_head_json":{"title":"Iittala Festivo Kerzenhalter 120 mm - D\u00e4nisch leben","description":"Der 120 mm hohe und elegante Iittala Festivo Kerzenhalter f\u00fcgt jedem Interieur ein markantes Element hinzu. Erzeugt ein weiches Ambiente.","robots":{"index":"index","follow":"follow","max-snippet":"max-snippet:-1","max-image-preview":"max-image-preview:large","max-video-preview":"max-video-preview:-1"},"canonical":"https:\/\/deenswonen.nl\/de\/produkt\/iittala-festivo-kerzenhalter-120-mm\/","og_locale":"de_DE","og_type":"article","og_title":"Iittala Festivo Kerzenhalter 120 mm - D\u00e4nisch leben","og_description":"Der 120 mm hohe und elegante Iittala Festivo Kerzenhalter f\u00fcgt jedem Interieur ein markantes Element hinzu. Erzeugt ein weiches Ambiente.","og_url":"https:\/\/deenswonen.nl\/de\/produkt\/iittala-festivo-kerzenhalter-120-mm\/","og_site_name":"D\u00e4nisch leben","article_modified_time":"2023-04-16T09:08:32+00:00","og_image":[{"width":1919,"height":2560,"url":"https:\/\/deenswonen.nl\/wp-content\/uploads\/2021\/11\/32A3730B-4F72-4900-AD21-CC8A744EA6F6_1_201_a-scaled.jpeg","type":"image\/jpeg"}],"twitter_card":"summary_large_image","twitter_misc":{"Gesch\u00e4tzte Lesezeit":"1\u00a0Minute"},"schema":{"@context":"https:\/\/schema.org","@graph":[{"@type":"WebPage","@id":"https:\/\/deenswonen.nl\/de\/produkt\/iittala-festivo-kerzenhalter-120-mm\/","url":"https:\/\/deenswonen.nl\/de\/produkt\/iittala-festivo-kerzenhalter-120-mm\/","name":"Iittala Festivo Kerzenhalter 120 mm - D\u00e4nisch leben","isPartOf":{"@id":"https:\/\/deenswonen.nl\/de\/#website"},"primaryImageOfPage":{"@id":"https:\/\/deenswonen.nl\/de\/produkt\/iittala-festivo-kerzenhalter-120-mm\/#primaryimage"},"image":{"@id":"https:\/\/deenswonen.nl\/de\/produkt\/iittala-festivo-kerzenhalter-120-mm\/#primaryimage"},"thumbnailUrl":"https:\/\/i0.wp.com\/deenswonen.nl\/wp-content\/uploads\/2021\/11\/32A3730B-4F72-4900-AD21-CC8A744EA6F6_1_201_a-scaled.jpeg?fit=1919%2C2560&ssl=1","datePublished":"2021-11-05T15:34:16+00:00","dateModified":"2023-04-16T09:08:32+00:00","description":"Der 120 mm hohe und elegante Iittala Festivo Kerzenhalter f\u00fcgt jedem Interieur ein markantes Element hinzu. Erzeugt ein weiches Ambiente.","breadcrumb":{"@id":"https:\/\/deenswonen.nl\/de\/produkt\/iittala-festivo-kerzenhalter-120-mm\/#breadcrumb"},"inLanguage":"de","potentialAction":[{"@type":"ReadAction","target":["https:\/\/deenswonen.nl\/de\/produkt\/iittala-festivo-kerzenhalter-120-mm\/"]}]},{"@type":"ImageObject","inLanguage":"de","@id":"https:\/\/deenswonen.nl\/de\/produkt\/iittala-festivo-kerzenhalter-120-mm\/#primaryimage","url":"https:\/\/i0.wp.com\/deenswonen.nl\/wp-content\/uploads\/2021\/11\/32A3730B-4F72-4900-AD21-CC8A744EA6F6_1_201_a-scaled.jpeg?fit=1919%2C2560&ssl=1","contentUrl":"https:\/\/i0.wp.com\/deenswonen.nl\/wp-content\/uploads\/2021\/11\/32A3730B-4F72-4900-AD21-CC8A744EA6F6_1_201_a-scaled.jpeg?fit=1919%2C2560&ssl=1","width":1919,"height":2560,"caption":"Abbildung des in dieser Anzeige angebotenen Iittala Festivo Kerzenhalters 125 mm"},{"@type":"BreadcrumbList","@id":"https:\/\/deenswonen.nl\/de\/produkt\/iittala-festivo-kerzenhalter-120-mm\/#breadcrumb","itemListElement":[{"@type":"ListItem","position":1,"name":"Home","item":"https:\/\/deenswonen.nl\/de\/daenisch-leben\/"},{"@type":"ListItem","position":2,"name":"Winkel","item":"https:\/\/deenswonen.nl\/winkel\/"},{"@type":"ListItem","position":3,"name":"Iittala Festivo Kerzenhalter 120 mm"}]},{"@type":"WebSite","@id":"https:\/\/deenswonen.nl\/de\/#website","url":"https:\/\/deenswonen.nl\/de\/","name":"Deens wonen","description":"Vintage skandinavische Wohnaccessoires","publisher":{"@id":"https:\/\/deenswonen.nl\/de\/#organization"},"potentialAction":[{"@type":"SearchAction","target":{"@type":"EntryPoint","urlTemplate":"https:\/\/deenswonen.nl\/de\/?s={search_term_string}"},"query-input":{"@type":"PropertyValueSpecification","valueRequired":true,"valueName":"search_term_string"}}],"inLanguage":"de"},{"@type":"Organization","@id":"https:\/\/deenswonen.nl\/de\/#organization","name":"D\u00e4nisch leben","url":"https:\/\/deenswonen.nl\/de\/","logo":{"@type":"ImageObject","inLanguage":"de","@id":"https:\/\/deenswonen.nl\/de\/#\/schema\/logo\/image\/","url":"https:\/\/i0.wp.com\/deenswonen.nl\/wp-content\/uploads\/2021\/11\/51ECE736-8380-4D65-ACA6-DE74174F3C35_1_201_a.jpeg?fit=1200%2C675&ssl=1","contentUrl":"https:\/\/i0.wp.com\/deenswonen.nl\/wp-content\/uploads\/2021\/11\/51ECE736-8380-4D65-ACA6-DE74174F3C35_1_201_a.jpeg?fit=1200%2C675&ssl=1","width":1200,"height":675,"caption":"D\u00e4nisch leben"},"image":{"@id":"https:\/\/deenswonen.nl\/de\/#\/schema\/logo\/image\/"}}]}},"jetpack_sharing_enabled":true,"_links":{"self":[{"href":"https:\/\/deenswonen.nl\/de\/wp-json\/wp\/v2\/product\/4057","targetHints":{"allow":["GET"]}}],"collection":[{"href":"https:\/\/deenswonen.nl\/de\/wp-json\/wp\/v2\/product"}],"about":[{"href":"https:\/\/deenswonen.nl\/de\/wp-json\/wp\/v2\/types\/product"}],"wp:featuredmedia":[{"embeddable":true,"href":"https:\/\/deenswonen.nl\/de\/wp-json\/wp\/v2\/media\/1956"}],"wp:attachment":[{"href":"https:\/\/deenswonen.nl\/de\/wp-json\/wp\/v2\/media?parent=4057"}],"wp:term":[{"taxonomy":"product_brand","embeddable":true,"href":"https:\/\/deenswonen.nl\/de\/wp-json\/wp\/v2\/product_brand?post=4057"},{"taxonomy":"product_cat","embeddable":true,"href":"https:\/\/deenswonen.nl\/de\/wp-json\/wp\/v2\/product_cat?post=4057"},{"taxonomy":"product_tag","embeddable":true,"href":"https:\/\/deenswonen.nl\/de\/wp-json\/wp\/v2\/product_tag?post=4057"}],"curies":[{"name":"wp","href":"https:\/\/api.w.org\/{rel}","templated":true}]}}