{"id":11987,"date":"2023-07-24T10:02:53","date_gmt":"2023-07-24T08:02:53","guid":{"rendered":"https:\/\/deenswonen.nl\/?post_type=product&#038;p=11987"},"modified":"2024-12-06T12:49:28","modified_gmt":"2024-12-06T11:49:28","slug":"rat-brotschneider-schwarz-3","status":"publish","type":"product","link":"https:\/\/deenswonen.nl\/de\/produkt\/rat-brotschneider-schwarz-3\/","title":{"rendered":"Raadvad Brotschneidemaschine schwarz"},"content":{"rendered":"<p class=\"p1\"><span class=\"s1\">Sch\u00f6ne Brotschneidemaschine in der Farbe Schwarz der d\u00e4nischen Marke Raadvad. Diese Brotschneidemaschinen sind ein echter Hingucker in Ihrer K\u00fcche. Halten Sie sie von Kindern fern, da das Messer rasiermesserscharf ist!<\/span><\/p>\n<h2><strong>Verwenden Sie Raadvad<\/strong><\/h2>\n<p>Diese d\u00e4nische Erfindung ist ideal zum Schneiden von Brot. Ein Raadvad hat eine rasiermesserscharfe Edelstahlklinge und ein Holzbrett, auf das Sie das Brot legen k\u00f6nnen. Anschlie\u00dfend bestimmen Sie die gew\u00fcnschte Dicke des Brotes und lassen die Guillotine ihre Arbeit verrichten. Neben Brot eignet sich der Raadvad beispielsweise auch hervorragend zum Schneiden von Gem\u00fcse, Fleisch und K\u00e4se.<\/p>\n<p>Obwohl der Raadvad in D\u00e4nemark immer noch im t\u00e4glichen Gebrauch ist, wird der Raadvad in den Niederlanden oft als Dekoration verwendet. Der Raadvad ist ein cooler Hingucker zum Beispiel f\u00fcr die Gastronomie, Fachgesch\u00e4fte und B\u00e4ckereien Das Design des Raadvad ist ein d\u00e4nischer Klassiker.<\/p>\n<h2><strong>Spezifikationen Raadvad Brotschneider in der Farbe Schwarz<\/strong><\/h2>\n<p><span class=\"s1\">Dieser Raadvad ist etwa 30 Jahre alt und in gutem Zustand mit geringen Gebrauchsspuren. <\/span><\/p>\n<p>Die Messungen sind:<\/p>\n<ul>\n<li><span class=\"s1\">H\u014dhe: 24 cm <\/span><\/li>\n<li><span class=\"s1\">Breite: 35,5 cm <\/span><\/li>\n<\/ul>\n<h2><strong>Geschichte Raadvad<\/strong><\/h2>\n<p>Die Fabrik Raadvaddam wurde 1759 in der d\u00e4nischen Stadt Raadvaddam gegr\u00fcndet. Die Fabrik konzentrierte sich laut einem Katalog der Fabrik von 1805 nicht auf Luxusg\u00fcter, sondern auf n\u00fctzliche Waren f\u00fcr Profis. Diese Philosophie hat sich nie ge\u00e4ndert. Raadvad hat begonnen, sich auf Messer und Brotschneidemaschinen von sehr guter Qualit\u00e4t zu spezialisieren. Dies beinhaltete auch eine Namens\u00e4nderung, der Name der Fabrik \u00e4nderte sich in: Raadvad Messerfabriken. Dies beinhaltete auch eine Namens\u00e4nderung, der Name der Fabrike \u00e4ndert sich in: Raadvad Messerfabriken. Ove Larsen Zwerg 1939 die Brotschneidemaschine Raadvad. Das Design ist jetzt eine d\u00e4nische Designikone!<\/p>\n<p>Dieser Raadvad ist etwa 30 Jahre alt und weist Gebrauchsspuren auf, weshalb wir Sie bitten, sich die Fotos sorgf\u00e4ltig anzusehen. So erhalten Sie einen guten Eindruck \u00fcber den Zustand der Brotschneidemaschine. <a href=\"https:\/\/deenswonen.nl\/product-categorie\/merken\/raadvad\/\">Wir haben mehrere Farben zur Verf\u00fcgung.<\/a><\/p>\n<p>Der Raadvad wird sorgf\u00e4ltig verpackt und mit PostNL versendet. Es ist auch m\u00f6glich, den Raadvad nach Vereinbarung in Berkel en Rodenrijs abzuholen.<\/p>\n","protected":false},"excerpt":{"rendered":"<p>Sind Sie auf der Suche nach einem coolen Blickfang f\u00fcr Ihre K\u00fcche? Dan is deze prachtige Raadvad wat u zoekt.<\/p>\n<ul>\n<li>Weltweiter Versand<\/li>\n<li>14 Tage Bedenkzeit<\/li>\n<li>Authentische Fotos<\/li>\n<\/ul>\n","protected":false},"featured_media":16190,"template":"","meta":[],"product_brand":[],"product_cat":[164,166,156,146],"product_tag":[127],"class_list":{"0":"post-11987","1":"product","2":"type-product","3":"status-publish","4":"has-post-thumbnail","6":"product_cat-bestseller","7":"product_cat-brotschneidemaschinen","8":"product_cat-neu-eingetroffen","9":"product_cat-raadvad-de","10":"product_tag-schwarz","11":"thunk-woo-product-list","12":"opn-qv-enable","13":"top-store-woo-hover-swap","14":"top-store-single-product-tab-horizontal","15":"top-store-shadow-","16":"top-store-shadow-hover-","17":"top-store-swap-item-hover","19":"first","20":"outofstock","21":"taxable","22":"shipping-taxable","23":"purchasable","24":"product-type-simple"},"yoast_head":"<!-- This site is optimized with the Yoast SEO plugin v27.3 - https:\/\/yoast.com\/product\/yoast-seo-wordpress\/ -->\n<title>Raadvad Brotschneidemaschine schwarz - D\u00e4nisch leben<\/title>\n<meta name=\"description\" content=\"Sch\u00f6ne Brotschneidemaschine in der Farbe Schwarz der d\u00e4nischen Marke Raadvad. Diese Brotschneidemaschinen sind ein echter Hingucker in Ihrer K\u00fcche. Schau hier\" \/>\n<meta name=\"robots\" content=\"index, follow, max-snippet:-1, max-image-preview:large, max-video-preview:-1\" \/>\n<link rel=\"canonical\" href=\"https:\/\/deenswonen.nl\/de\/produkt\/rat-brotschneider-schwarz-3\/\" \/>\n<meta property=\"og:locale\" content=\"de_DE\" \/>\n<meta property=\"og:type\" content=\"article\" \/>\n<meta property=\"og:title\" content=\"Raadvad Brotschneidemaschine schwarz - D\u00e4nisch leben\" \/>\n<meta property=\"og:description\" content=\"Sch\u00f6ne Brotschneidemaschine in der Farbe Schwarz der d\u00e4nischen Marke Raadvad. Diese Brotschneidemaschinen sind ein echter Hingucker in Ihrer K\u00fcche. Schau hier\" \/>\n<meta property=\"og:url\" content=\"https:\/\/deenswonen.nl\/de\/produkt\/rat-brotschneider-schwarz-3\/\" \/>\n<meta property=\"og:site_name\" content=\"D\u00e4nisch leben\" \/>\n<meta property=\"article:modified_time\" content=\"2024-12-06T11:49:28+00:00\" \/>\n<meta property=\"og:image\" content=\"https:\/\/i0.wp.com\/deenswonen.nl\/wp-content\/uploads\/2023\/07\/IMG_4265-5-kopie-scaled.jpg?fit=2560%2C1920&ssl=1\" \/>\n\t<meta property=\"og:image:width\" content=\"2560\" \/>\n\t<meta property=\"og:image:height\" content=\"1920\" \/>\n\t<meta property=\"og:image:type\" content=\"image\/jpeg\" \/>\n<meta name=\"twitter:card\" content=\"summary_large_image\" \/>\n<meta name=\"twitter:label1\" content=\"Gesch\u00e4tzte Lesezeit\" \/>\n\t<meta name=\"twitter:data1\" content=\"2\u00a0Minuten\" \/>\n<script type=\"application\/ld+json\" class=\"yoast-schema-graph\">{\"@context\":\"https:\\\/\\\/schema.org\",\"@graph\":[{\"@type\":\"WebPage\",\"@id\":\"https:\\\/\\\/deenswonen.nl\\\/de\\\/produkt\\\/rat-brotschneider-schwarz-3\\\/\",\"url\":\"https:\\\/\\\/deenswonen.nl\\\/de\\\/produkt\\\/rat-brotschneider-schwarz-3\\\/\",\"name\":\"Raadvad Brotschneidemaschine schwarz - D\u00e4nisch leben\",\"isPartOf\":{\"@id\":\"https:\\\/\\\/deenswonen.nl\\\/de\\\/#website\"},\"primaryImageOfPage\":{\"@id\":\"https:\\\/\\\/deenswonen.nl\\\/de\\\/produkt\\\/rat-brotschneider-schwarz-3\\\/#primaryimage\"},\"image\":{\"@id\":\"https:\\\/\\\/deenswonen.nl\\\/de\\\/produkt\\\/rat-brotschneider-schwarz-3\\\/#primaryimage\"},\"thumbnailUrl\":\"https:\\\/\\\/i0.wp.com\\\/deenswonen.nl\\\/wp-content\\\/uploads\\\/2023\\\/07\\\/IMG_4265-5-kopie-scaled.jpg?fit=2560%2C1920&ssl=1\",\"datePublished\":\"2023-07-24T08:02:53+00:00\",\"dateModified\":\"2024-12-06T11:49:28+00:00\",\"description\":\"Sch\u00f6ne Brotschneidemaschine in der Farbe Schwarz der d\u00e4nischen Marke Raadvad. Diese Brotschneidemaschinen sind ein echter Hingucker in Ihrer K\u00fcche. Schau hier\",\"breadcrumb\":{\"@id\":\"https:\\\/\\\/deenswonen.nl\\\/de\\\/produkt\\\/rat-brotschneider-schwarz-3\\\/#breadcrumb\"},\"inLanguage\":\"de\",\"potentialAction\":[{\"@type\":\"ReadAction\",\"target\":[\"https:\\\/\\\/deenswonen.nl\\\/de\\\/produkt\\\/rat-brotschneider-schwarz-3\\\/\"]}]},{\"@type\":\"ImageObject\",\"inLanguage\":\"de\",\"@id\":\"https:\\\/\\\/deenswonen.nl\\\/de\\\/produkt\\\/rat-brotschneider-schwarz-3\\\/#primaryimage\",\"url\":\"https:\\\/\\\/i0.wp.com\\\/deenswonen.nl\\\/wp-content\\\/uploads\\\/2023\\\/07\\\/IMG_4265-5-kopie-scaled.jpg?fit=2560%2C1920&ssl=1\",\"contentUrl\":\"https:\\\/\\\/i0.wp.com\\\/deenswonen.nl\\\/wp-content\\\/uploads\\\/2023\\\/07\\\/IMG_4265-5-kopie-scaled.jpg?fit=2560%2C1920&ssl=1\",\"width\":2560,\"height\":1920,\"caption\":\"Raadvad broodsnijder zwart\"},{\"@type\":\"BreadcrumbList\",\"@id\":\"https:\\\/\\\/deenswonen.nl\\\/de\\\/produkt\\\/rat-brotschneider-schwarz-3\\\/#breadcrumb\",\"itemListElement\":[{\"@type\":\"ListItem\",\"position\":1,\"name\":\"Home\",\"item\":\"https:\\\/\\\/deenswonen.nl\\\/de\\\/daenisch-leben\\\/\"},{\"@type\":\"ListItem\",\"position\":2,\"name\":\"Winkel\",\"item\":\"https:\\\/\\\/deenswonen.nl\\\/winkel\\\/\"},{\"@type\":\"ListItem\",\"position\":3,\"name\":\"Raadvad Brotschneidemaschine schwarz\"}]},{\"@type\":\"WebSite\",\"@id\":\"https:\\\/\\\/deenswonen.nl\\\/de\\\/#website\",\"url\":\"https:\\\/\\\/deenswonen.nl\\\/de\\\/\",\"name\":\"Deens wonen\",\"description\":\"Vintage skandinavische Wohnaccessoires\",\"publisher\":{\"@id\":\"https:\\\/\\\/deenswonen.nl\\\/de\\\/#organization\"},\"potentialAction\":[{\"@type\":\"SearchAction\",\"target\":{\"@type\":\"EntryPoint\",\"urlTemplate\":\"https:\\\/\\\/deenswonen.nl\\\/de\\\/?s={search_term_string}\"},\"query-input\":{\"@type\":\"PropertyValueSpecification\",\"valueRequired\":true,\"valueName\":\"search_term_string\"}}],\"inLanguage\":\"de\"},{\"@type\":\"Organization\",\"@id\":\"https:\\\/\\\/deenswonen.nl\\\/de\\\/#organization\",\"name\":\"D\u00e4nisch leben\",\"url\":\"https:\\\/\\\/deenswonen.nl\\\/de\\\/\",\"logo\":{\"@type\":\"ImageObject\",\"inLanguage\":\"de\",\"@id\":\"https:\\\/\\\/deenswonen.nl\\\/de\\\/#\\\/schema\\\/logo\\\/image\\\/\",\"url\":\"https:\\\/\\\/i0.wp.com\\\/deenswonen.nl\\\/wp-content\\\/uploads\\\/2021\\\/11\\\/51ECE736-8380-4D65-ACA6-DE74174F3C35_1_201_a.jpeg?fit=1200%2C675&ssl=1\",\"contentUrl\":\"https:\\\/\\\/i0.wp.com\\\/deenswonen.nl\\\/wp-content\\\/uploads\\\/2021\\\/11\\\/51ECE736-8380-4D65-ACA6-DE74174F3C35_1_201_a.jpeg?fit=1200%2C675&ssl=1\",\"width\":1200,\"height\":675,\"caption\":\"D\u00e4nisch leben\"},\"image\":{\"@id\":\"https:\\\/\\\/deenswonen.nl\\\/de\\\/#\\\/schema\\\/logo\\\/image\\\/\"}}]}<\/script>\n<!-- \/ Yoast SEO plugin. -->","yoast_head_json":{"title":"Raadvad Brotschneidemaschine schwarz - D\u00e4nisch leben","description":"Sch\u00f6ne Brotschneidemaschine in der Farbe Schwarz der d\u00e4nischen Marke Raadvad. Diese Brotschneidemaschinen sind ein echter Hingucker in Ihrer K\u00fcche. Schau hier","robots":{"index":"index","follow":"follow","max-snippet":"max-snippet:-1","max-image-preview":"max-image-preview:large","max-video-preview":"max-video-preview:-1"},"canonical":"https:\/\/deenswonen.nl\/de\/produkt\/rat-brotschneider-schwarz-3\/","og_locale":"de_DE","og_type":"article","og_title":"Raadvad Brotschneidemaschine schwarz - D\u00e4nisch leben","og_description":"Sch\u00f6ne Brotschneidemaschine in der Farbe Schwarz der d\u00e4nischen Marke Raadvad. Diese Brotschneidemaschinen sind ein echter Hingucker in Ihrer K\u00fcche. Schau hier","og_url":"https:\/\/deenswonen.nl\/de\/produkt\/rat-brotschneider-schwarz-3\/","og_site_name":"D\u00e4nisch leben","article_modified_time":"2024-12-06T11:49:28+00:00","og_image":[{"width":2560,"height":1920,"url":"https:\/\/i0.wp.com\/deenswonen.nl\/wp-content\/uploads\/2023\/07\/IMG_4265-5-kopie-scaled.jpg?fit=2560%2C1920&ssl=1","type":"image\/jpeg"}],"twitter_card":"summary_large_image","twitter_misc":{"Gesch\u00e4tzte Lesezeit":"2\u00a0Minuten"},"schema":{"@context":"https:\/\/schema.org","@graph":[{"@type":"WebPage","@id":"https:\/\/deenswonen.nl\/de\/produkt\/rat-brotschneider-schwarz-3\/","url":"https:\/\/deenswonen.nl\/de\/produkt\/rat-brotschneider-schwarz-3\/","name":"Raadvad Brotschneidemaschine schwarz - D\u00e4nisch leben","isPartOf":{"@id":"https:\/\/deenswonen.nl\/de\/#website"},"primaryImageOfPage":{"@id":"https:\/\/deenswonen.nl\/de\/produkt\/rat-brotschneider-schwarz-3\/#primaryimage"},"image":{"@id":"https:\/\/deenswonen.nl\/de\/produkt\/rat-brotschneider-schwarz-3\/#primaryimage"},"thumbnailUrl":"https:\/\/i0.wp.com\/deenswonen.nl\/wp-content\/uploads\/2023\/07\/IMG_4265-5-kopie-scaled.jpg?fit=2560%2C1920&ssl=1","datePublished":"2023-07-24T08:02:53+00:00","dateModified":"2024-12-06T11:49:28+00:00","description":"Sch\u00f6ne Brotschneidemaschine in der Farbe Schwarz der d\u00e4nischen Marke Raadvad. Diese Brotschneidemaschinen sind ein echter Hingucker in Ihrer K\u00fcche. Schau hier","breadcrumb":{"@id":"https:\/\/deenswonen.nl\/de\/produkt\/rat-brotschneider-schwarz-3\/#breadcrumb"},"inLanguage":"de","potentialAction":[{"@type":"ReadAction","target":["https:\/\/deenswonen.nl\/de\/produkt\/rat-brotschneider-schwarz-3\/"]}]},{"@type":"ImageObject","inLanguage":"de","@id":"https:\/\/deenswonen.nl\/de\/produkt\/rat-brotschneider-schwarz-3\/#primaryimage","url":"https:\/\/i0.wp.com\/deenswonen.nl\/wp-content\/uploads\/2023\/07\/IMG_4265-5-kopie-scaled.jpg?fit=2560%2C1920&ssl=1","contentUrl":"https:\/\/i0.wp.com\/deenswonen.nl\/wp-content\/uploads\/2023\/07\/IMG_4265-5-kopie-scaled.jpg?fit=2560%2C1920&ssl=1","width":2560,"height":1920,"caption":"Raadvad broodsnijder zwart"},{"@type":"BreadcrumbList","@id":"https:\/\/deenswonen.nl\/de\/produkt\/rat-brotschneider-schwarz-3\/#breadcrumb","itemListElement":[{"@type":"ListItem","position":1,"name":"Home","item":"https:\/\/deenswonen.nl\/de\/daenisch-leben\/"},{"@type":"ListItem","position":2,"name":"Winkel","item":"https:\/\/deenswonen.nl\/winkel\/"},{"@type":"ListItem","position":3,"name":"Raadvad Brotschneidemaschine schwarz"}]},{"@type":"WebSite","@id":"https:\/\/deenswonen.nl\/de\/#website","url":"https:\/\/deenswonen.nl\/de\/","name":"Deens wonen","description":"Vintage skandinavische Wohnaccessoires","publisher":{"@id":"https:\/\/deenswonen.nl\/de\/#organization"},"potentialAction":[{"@type":"SearchAction","target":{"@type":"EntryPoint","urlTemplate":"https:\/\/deenswonen.nl\/de\/?s={search_term_string}"},"query-input":{"@type":"PropertyValueSpecification","valueRequired":true,"valueName":"search_term_string"}}],"inLanguage":"de"},{"@type":"Organization","@id":"https:\/\/deenswonen.nl\/de\/#organization","name":"D\u00e4nisch leben","url":"https:\/\/deenswonen.nl\/de\/","logo":{"@type":"ImageObject","inLanguage":"de","@id":"https:\/\/deenswonen.nl\/de\/#\/schema\/logo\/image\/","url":"https:\/\/i0.wp.com\/deenswonen.nl\/wp-content\/uploads\/2021\/11\/51ECE736-8380-4D65-ACA6-DE74174F3C35_1_201_a.jpeg?fit=1200%2C675&ssl=1","contentUrl":"https:\/\/i0.wp.com\/deenswonen.nl\/wp-content\/uploads\/2021\/11\/51ECE736-8380-4D65-ACA6-DE74174F3C35_1_201_a.jpeg?fit=1200%2C675&ssl=1","width":1200,"height":675,"caption":"D\u00e4nisch leben"},"image":{"@id":"https:\/\/deenswonen.nl\/de\/#\/schema\/logo\/image\/"}}]}},"jetpack_sharing_enabled":true,"_links":{"self":[{"href":"https:\/\/deenswonen.nl\/de\/wp-json\/wp\/v2\/product\/11987","targetHints":{"allow":["GET"]}}],"collection":[{"href":"https:\/\/deenswonen.nl\/de\/wp-json\/wp\/v2\/product"}],"about":[{"href":"https:\/\/deenswonen.nl\/de\/wp-json\/wp\/v2\/types\/product"}],"wp:featuredmedia":[{"embeddable":true,"href":"https:\/\/deenswonen.nl\/de\/wp-json\/wp\/v2\/media\/16190"}],"wp:attachment":[{"href":"https:\/\/deenswonen.nl\/de\/wp-json\/wp\/v2\/media?parent=11987"}],"wp:term":[{"taxonomy":"product_brand","embeddable":true,"href":"https:\/\/deenswonen.nl\/de\/wp-json\/wp\/v2\/product_brand?post=11987"},{"taxonomy":"product_cat","embeddable":true,"href":"https:\/\/deenswonen.nl\/de\/wp-json\/wp\/v2\/product_cat?post=11987"},{"taxonomy":"product_tag","embeddable":true,"href":"https:\/\/deenswonen.nl\/de\/wp-json\/wp\/v2\/product_tag?post=11987"}],"curies":[{"name":"wp","href":"https:\/\/api.w.org\/{rel}","templated":true}]}}